{"id":139,"date":"2022-09-19T17:38:05","date_gmt":"2022-09-19T15:38:05","guid":{"rendered":"https:\/\/pogrebno-hrvojka.hr\/?page_id=139"},"modified":"2023-01-03T11:45:05","modified_gmt":"2023-01-03T10:45:05","slug":"medunarodni-prijevoz-pokojnika-iz-europe-u-hrvatsku","status":"publish","type":"page","link":"https:\/\/www.pogrebno-hrvojka.hr\/de\/medunarodni-prijevoz-pokojnika-iz-europe-u-hrvatsku\/","title":{"rendered":"Internationale Bef\u00f6rderung"},"content":{"rendered":"<section class=\"l-section wpb_row height_medium\"><div class=\"l-section-h i-cf\"><div class=\"g-cols vc_row via_flex valign_bottom type_default stacking_default\"><div class=\"vc_col-sm-8 wpb_column vc_column_container\"><div class=\"vc_column-inner\"><div class=\"wpb_wrapper\"><div class=\"g-cols wpb_row via_flex valign_middle type_default stacking_default\"><div class=\"vc_col-sm-3 wpb_column vc_column_container\"><div class=\"vc_column-inner us_custom_f70d789f us_animate_this\"><div class=\"wpb_wrapper\"><div class=\"wpb_text_column\"><div class=\"wpb_wrapper\"><p><img decoding=\"async\" class=\"aligncenter wp-image-1036 size-full\" src=\"https:\/\/pogrebno-hrvojka.hr\/wp-content\/uploads\/2022\/11\/avion-1.png\" alt=\"\" width=\"180\" height=\"103\" srcset=\"https:\/\/www.pogrebno-hrvojka.hr\/wp-content\/uploads\/2022\/11\/avion-1.png 180w, https:\/\/www.pogrebno-hrvojka.hr\/wp-content\/uploads\/2022\/11\/avion-1-18x10.png 18w\" sizes=\"(max-width: 180px) 100vw, 180px\" \/><\/p>\n<\/div><\/div><\/div><\/div><\/div><div class=\"vc_col-sm-9 wpb_column vc_column_container\"><div class=\"vc_column-inner us_custom_f70d789f us_animate_this\"><div class=\"wpb_wrapper\"><div class=\"wpb_text_column us_custom_b590f348\"><div class=\"wpb_wrapper\"><h2>Me\u0111unarodni prijevoz pokojnika<\/h2>\n<\/div><\/div><\/div><\/div><\/div><\/div><div class=\"w-separator size_small\"><\/div><div class=\"wpb_text_column\"><div class=\"wpb_wrapper\"><p>U svakom trenutku mo\u017eete nas kontaktirati te na jednom mjestu doznati sve pojedinosti i osigurat brz i povoljan prijevoz tijela pokojnika kombijem ili avionom iz bilo koje zemlje u Europi i svijetu, u bilo koji grad Hrvatske.<\/p>\n<p>Prijevoz umrle osobe iz inozemstva zahtjeva stru\u010dnu i profesionalnu tvrtku s iskustvom u me\u0111unarodnim pogrebnim uslugama: to smo mi <a href=\"https:\/\/www.princivali.com\/\" target=\"_blank\" rel=\"noopener\"><strong>PRINCIVALI me\u0111unarodni prijevoz pokojnika<\/strong><\/a>.<\/p>\n<p>Sura\u0111ujemo sa pogrebnim slu\u017ebama iz Hrvatske, Europe i svijeta, Hrvatima u inozemstvu pru\u017eamo besplatnu pomo\u0107 i sve potrebne informacije oko povratka tijela pokojnika u domovinu. Uz na\u0161e partnere mo\u017eemo vam ponuditi fer i konkurentne cijene prijevoza tijela pokojnika u sve krajeve Hrvatske od Dubrovnika, Vukovara, Rijeke, Zagreba, Imotskog ili Splita.<\/p>\n<\/div><\/div><\/div><\/div><\/div><div class=\"vc_col-sm-4 wpb_column vc_column_container\"><div class=\"vc_column-inner\"><div class=\"wpb_wrapper\"><div class=\"w-image style_shadow-2 align_none\"><a ref=\"magnificPopup\" href=\"https:\/\/www.pogrebno-hrvojka.hr\/wp-content\/uploads\/2022\/11\/prijevoz-pokojnika-Milano.jpg\" aria-label=\"prijevoz pokojnika Milano\" class=\"w-image-h\"><div class=\"w-image-shadow\" style=\"background-image:url(https:\/\/www.pogrebno-hrvojka.hr\/wp-content\/uploads\/2022\/11\/prijevoz-pokojnika-Milano.jpg);\"><\/div><img decoding=\"async\" width=\"900\" height=\"675\" src=\"https:\/\/www.pogrebno-hrvojka.hr\/wp-content\/uploads\/2022\/11\/prijevoz-pokojnika-Milano.jpg\" class=\"attachment-large size-large\" alt=\"\" loading=\"lazy\" srcset=\"https:\/\/www.pogrebno-hrvojka.hr\/wp-content\/uploads\/2022\/11\/prijevoz-pokojnika-Milano.jpg 900w, https:\/\/www.pogrebno-hrvojka.hr\/wp-content\/uploads\/2022\/11\/prijevoz-pokojnika-Milano-300x225.jpg 300w, https:\/\/www.pogrebno-hrvojka.hr\/wp-content\/uploads\/2022\/11\/prijevoz-pokojnika-Milano-16x12.jpg 16w\" sizes=\"auto, (max-width: 900px) 100vw, 900px\" \/><\/a><\/div><\/div><\/div><\/div><\/div><\/div><\/section><section class=\"l-section wpb_row height_small color_alternate\"><div class=\"l-section-h i-cf\"><div class=\"g-cols vc_row via_flex valign_middle type_default stacking_default\"><div class=\"vc_col-sm-6 wpb_column vc_column_container\"><div class=\"vc_column-inner us_custom_a640122a us_animate_this\"><div class=\"wpb_wrapper\"><div class=\"w-image style_shadow-2 align_none\"><a ref=\"magnificPopup\" href=\"https:\/\/www.pogrebno-hrvojka.hr\/wp-content\/uploads\/2022\/11\/prijevoz-pokojnika-Munchen.jpg\" aria-label=\"prijevoz pokojnika Munchen\" class=\"w-image-h\"><div class=\"w-image-shadow\" style=\"background-image:url(https:\/\/www.pogrebno-hrvojka.hr\/wp-content\/uploads\/2022\/11\/prijevoz-pokojnika-Munchen.jpg);\"><\/div><img decoding=\"async\" width=\"900\" height=\"675\" src=\"https:\/\/www.pogrebno-hrvojka.hr\/wp-content\/uploads\/2022\/11\/prijevoz-pokojnika-Munchen.jpg\" class=\"attachment-large size-large\" alt=\"\" loading=\"lazy\" srcset=\"https:\/\/www.pogrebno-hrvojka.hr\/wp-content\/uploads\/2022\/11\/prijevoz-pokojnika-Munchen.jpg 900w, https:\/\/www.pogrebno-hrvojka.hr\/wp-content\/uploads\/2022\/11\/prijevoz-pokojnika-Munchen-300x225.jpg 300w, https:\/\/www.pogrebno-hrvojka.hr\/wp-content\/uploads\/2022\/11\/prijevoz-pokojnika-Munchen-16x12.jpg 16w\" sizes=\"auto, (max-width: 900px) 100vw, 900px\" \/><\/a><\/div><\/div><\/div><\/div><div class=\"vc_col-sm-6 wpb_column vc_column_container\"><div class=\"vc_column-inner us_custom_ff13c409 us_animate_this\"><div class=\"wpb_wrapper\"><div class=\"wpb_text_column\"><div class=\"wpb_wrapper\"><p>Kontaktirajte nas i u\u010dinit \u0107emo sve da opravdamo va\u0161e povjerenje. Poslati \u0107emo vam na\u0161u kompletnu ponudu sa svim detaljima jako brzo.<\/p>\n<p>Sve informacije mo\u017eete dobiti u na\u0161em uredu ili telefonskim pozivom na broj:<\/p>\n<ul class=\"li\">\n<li>Tomislav:<strong> 091 2200 775<\/strong>\u00a0i ured: <strong>021 883 008<\/strong><\/li>\n<\/ul>\n<p>te na e-mail<\/p>\n<ul class=\"li\">\n<li><strong>hrvojkatrogir@yahoo.com<\/strong>\u00a0i <strong>info@princivali.com<\/strong><\/li>\n<\/ul>\n<\/div><\/div><\/div><\/div><\/div><\/div><\/div><\/section><section class=\"l-section wpb_row height_auto\"><div class=\"l-section-h i-cf\"><div class=\"g-cols vc_row via_flex valign_top type_default stacking_default\"><div class=\"vc_col-sm-12 wpb_column vc_column_container\"><div class=\"vc_column-inner\"><div class=\"wpb_wrapper\"><div class=\"wpb_text_column us_custom_3bec7bad\"><div class=\"wpb_wrapper\"><h5>Galerija fotografija<\/h5>\n<\/div><\/div><\/div><\/div><\/div><\/div><\/div><\/section><section class=\"l-section wpb_row height_medium\"><div class=\"l-section-h i-cf\"><div class=\"g-cols vc_row via_flex valign_top type_default stacking_default\"><div class=\"vc_col-sm-12 wpb_column vc_column_container\"><div class=\"vc_column-inner\"><div class=\"wpb_wrapper\"><div class=\"w-grid type_grid layout_160 cols_4 ratio_3x2\" id=\"us_grid_1\" style=\"--gap:0.5rem;\" data-filterable=\"true\"><style>@media (max-width:1280px){#us_grid_1 .w-grid-item{width:33.3333%}#us_grid_1 .w-grid-item.size_2x1,#us_grid_1 .w-grid-item.size_2x2{width:66.6667%}}@media (max-width:1240px){#us_grid_1 .w-grid-item{width:50%}#us_grid_1 .w-grid-item.size_2x1,#us_grid_1 .w-grid-item.size_2x2{width:100%}}@media (max-width:768px){#us_grid_1 .w-grid-list{margin:0}#us_grid_1 .w-grid-item{width:100%;padding:0;margin-bottom:var(--gap,0px)}}.layout_160 .w-grid-item-h:before{padding-bottom:66.6667%}@media (min-width:769px){.layout_160 .w-grid-item.size_1x2 .w-grid-item-h:before{padding-bottom:calc(133.3333% + var(--gap,0px) * 2)}.layout_160 .w-grid-item.size_2x1 .w-grid-item-h:before{padding-bottom:calc(33.3333% - var(--gap,0px) * 0.6667)}.layout_160 .w-grid-item.size_2x2 .w-grid-item-h:before{padding-bottom:calc(66.6667% - var(--gap,0px) * -0.6666)}}.layout_160 .w-grid-item-h{background:var(--color-content-bg);color:var(--color-content-text)}.layout_160 .usg_post_image_1{transition-duration:0.4s;transform-origin:50% 50%;transform:scale(1) translate(-1%,-1%)}.layout_160 .w-grid-item-h:hover .usg_post_image_1{transform:scale(1) translate(0%,0%);opacity:1}.layout_160 .usg_post_image_1{position:absolute!important;left:0!important;top:0!important;bottom:0!important;right:0!important}<\/style><div class=\"w-grid-list\">\t<article class=\"w-grid-item size_1x1 post-739 attachment type-attachment status-inherit hentry\" data-id=\"739\">\r\n\t\t<div class=\"w-grid-item-h\">\r\n\t\t\t\t\t\t\t<a ref=\"magnificPopupGrid\" href=\"https:\/\/www.pogrebno-hrvojka.hr\/wp-content\/uploads\/2022\/11\/prijevoz-pokojnika-Nizozemska.jpg\" class=\"w-grid-item-anchor\" aria-label=\"prijevoz pokojnika Nizozemska\" title=\"prijevoz pokojnika Nizozemska\"><\/a>\r\n\t\t\t\t\t\t<div class=\"w-post-elm post_image usg_post_image_1 stretched\"><a href=\"https:\/\/www.pogrebno-hrvojka.hr\/de\/medunarodni-prijevoz-pokojnika-iz-europe-u-hrvatsku\/prijevoz-pokojnika-nizozemska\/\" aria-label=\"prijevoz pokojnika Nizozemska\"><img decoding=\"async\" width=\"650\" height=\"797\" src=\"https:\/\/www.pogrebno-hrvojka.hr\/wp-content\/uploads\/2022\/11\/prijevoz-pokojnika-Nizozemska.jpg\" class=\"attachment-large size-large\" alt=\"\" srcset=\"https:\/\/www.pogrebno-hrvojka.hr\/wp-content\/uploads\/2022\/11\/prijevoz-pokojnika-Nizozemska.jpg 650w, https:\/\/www.pogrebno-hrvojka.hr\/wp-content\/uploads\/2022\/11\/prijevoz-pokojnika-Nizozemska-245x300.jpg 245w, https:\/\/www.pogrebno-hrvojka.hr\/wp-content\/uploads\/2022\/11\/prijevoz-pokojnika-Nizozemska-10x12.jpg 10w\" sizes=\"(max-width: 650px) 100vw, 650px\" \/><\/a><\/div>\t\t<\/div>\r\n\t\t\t<\/article>\r\n\t<article class=\"w-grid-item size_1x1 post-744 attachment type-attachment status-inherit hentry\" data-id=\"744\">\r\n\t\t<div class=\"w-grid-item-h\">\r\n\t\t\t\t\t\t\t<a ref=\"magnificPopupGrid\" href=\"https:\/\/www.pogrebno-hrvojka.hr\/wp-content\/uploads\/2022\/11\/prijevoz-pokojnika-Pariz.jpg\" class=\"w-grid-item-anchor\" aria-label=\"prijevoz pokojnika Pariz\" title=\"prijevoz pokojnika Pariz\"><\/a>\r\n\t\t\t\t\t\t<div class=\"w-post-elm post_image usg_post_image_1 stretched\"><a href=\"https:\/\/www.pogrebno-hrvojka.hr\/de\/medunarodni-prijevoz-pokojnika-iz-europe-u-hrvatsku\/prijevoz-pokojnika-pariz\/\" aria-label=\"prijevoz pokojnika Pariz\"><img decoding=\"async\" width=\"900\" height=\"675\" src=\"https:\/\/www.pogrebno-hrvojka.hr\/wp-content\/uploads\/2022\/11\/prijevoz-pokojnika-Pariz.jpg\" class=\"attachment-large size-large\" alt=\"\" srcset=\"https:\/\/www.pogrebno-hrvojka.hr\/wp-content\/uploads\/2022\/11\/prijevoz-pokojnika-Pariz.jpg 900w, https:\/\/www.pogrebno-hrvojka.hr\/wp-content\/uploads\/2022\/11\/prijevoz-pokojnika-Pariz-300x225.jpg 300w, https:\/\/www.pogrebno-hrvojka.hr\/wp-content\/uploads\/2022\/11\/prijevoz-pokojnika-Pariz-16x12.jpg 16w\" sizes=\"(max-width: 900px) 100vw, 900px\" \/><\/a><\/div>\t\t<\/div>\r\n\t\t\t<\/article>\r\n\t<article class=\"w-grid-item size_1x1 post-766 attachment type-attachment status-inherit hentry\" data-id=\"766\">\r\n\t\t<div class=\"w-grid-item-h\">\r\n\t\t\t\t\t\t\t<a ref=\"magnificPopupGrid\" href=\"https:\/\/www.pogrebno-hrvojka.hr\/wp-content\/uploads\/2022\/11\/prijevoz-pokojnika-Hrvatska.jpg\" class=\"w-grid-item-anchor\" aria-label=\"prijevoz pokojnika Hrvatska\" title=\"prijevoz pokojnika Hrvatska\"><\/a>\r\n\t\t\t\t\t\t<div class=\"w-post-elm post_image usg_post_image_1 stretched\"><a href=\"https:\/\/www.pogrebno-hrvojka.hr\/de\/medunarodni-prijevoz-pokojnika-iz-europe-u-hrvatsku\/prijevoz-pokojnika-hrvatska\/\" aria-label=\"prijevoz pokojnika Hrvatska\"><img decoding=\"async\" width=\"500\" height=\"888\" src=\"https:\/\/www.pogrebno-hrvojka.hr\/wp-content\/uploads\/2022\/11\/prijevoz-pokojnika-Hrvatska.jpg\" class=\"attachment-large size-large\" alt=\"\" srcset=\"https:\/\/www.pogrebno-hrvojka.hr\/wp-content\/uploads\/2022\/11\/prijevoz-pokojnika-Hrvatska.jpg 500w, https:\/\/www.pogrebno-hrvojka.hr\/wp-content\/uploads\/2022\/11\/prijevoz-pokojnika-Hrvatska-169x300.jpg 169w, https:\/\/www.pogrebno-hrvojka.hr\/wp-content\/uploads\/2022\/11\/prijevoz-pokojnika-Hrvatska-7x12.jpg 7w\" sizes=\"(max-width: 500px) 100vw, 500px\" \/><\/a><\/div>\t\t<\/div>\r\n\t\t\t<\/article>\r\n\t<article class=\"w-grid-item size_1x1 post-740 attachment type-attachment status-inherit hentry\" data-id=\"740\">\r\n\t\t<div class=\"w-grid-item-h\">\r\n\t\t\t\t\t\t\t<a ref=\"magnificPopupGrid\" href=\"https:\/\/www.pogrebno-hrvojka.hr\/wp-content\/uploads\/2022\/11\/prijevoz-pokojnika-Njemacka-Hamburg.jpg\" class=\"w-grid-item-anchor\" aria-label=\"prijevoz pokojnika Njema\u010dka Hamburg\" title=\"prijevoz pokojnika Njema\u010dka Hamburg\"><\/a>\r\n\t\t\t\t\t\t<div class=\"w-post-elm post_image usg_post_image_1 stretched\"><a href=\"https:\/\/www.pogrebno-hrvojka.hr\/de\/medunarodni-prijevoz-pokojnika-iz-europe-u-hrvatsku\/prijevoz-pokojnika-njemacka-hamburg\/\" aria-label=\"prijevoz pokojnika Njema\u010dka Hamburg\"><img decoding=\"async\" width=\"600\" height=\"800\" src=\"https:\/\/www.pogrebno-hrvojka.hr\/wp-content\/uploads\/2022\/11\/prijevoz-pokojnika-Njemacka-Hamburg.jpg\" class=\"attachment-large size-large\" alt=\"\" srcset=\"https:\/\/www.pogrebno-hrvojka.hr\/wp-content\/uploads\/2022\/11\/prijevoz-pokojnika-Njemacka-Hamburg.jpg 600w, https:\/\/www.pogrebno-hrvojka.hr\/wp-content\/uploads\/2022\/11\/prijevoz-pokojnika-Njemacka-Hamburg-225x300.jpg 225w, https:\/\/www.pogrebno-hrvojka.hr\/wp-content\/uploads\/2022\/11\/prijevoz-pokojnika-Njemacka-Hamburg-9x12.jpg 9w\" sizes=\"(max-width: 600px) 100vw, 600px\" \/><\/a><\/div>\t\t<\/div>\r\n\t\t\t<\/article>\r\n\t<article class=\"w-grid-item size_1x1 post-761 attachment type-attachment status-inherit hentry\" data-id=\"761\">\r\n\t\t<div class=\"w-grid-item-h\">\r\n\t\t\t\t\t\t\t<a ref=\"magnificPopupGrid\" href=\"https:\/\/www.pogrebno-hrvojka.hr\/wp-content\/uploads\/2022\/11\/prijevoz-pokojnika-Bosna.jpg\" class=\"w-grid-item-anchor\" aria-label=\"prijevoz pokojnika Bosna\" title=\"prijevoz pokojnika Bosna\"><\/a>\r\n\t\t\t\t\t\t<div class=\"w-post-elm post_image usg_post_image_1 stretched\"><a href=\"https:\/\/www.pogrebno-hrvojka.hr\/de\/medunarodni-prijevoz-pokojnika-iz-europe-u-hrvatsku\/prijevoz-pokojnika-bosna\/\" aria-label=\"prijevoz pokojnika Bosna\"><img decoding=\"async\" width=\"650\" height=\"867\" src=\"https:\/\/www.pogrebno-hrvojka.hr\/wp-content\/uploads\/2022\/11\/prijevoz-pokojnika-Bosna.jpg\" class=\"attachment-large size-large\" alt=\"\" srcset=\"https:\/\/www.pogrebno-hrvojka.hr\/wp-content\/uploads\/2022\/11\/prijevoz-pokojnika-Bosna.jpg 650w, https:\/\/www.pogrebno-hrvojka.hr\/wp-content\/uploads\/2022\/11\/prijevoz-pokojnika-Bosna-225x300.jpg 225w, https:\/\/www.pogrebno-hrvojka.hr\/wp-content\/uploads\/2022\/11\/prijevoz-pokojnika-Bosna-9x12.jpg 9w\" sizes=\"(max-width: 650px) 100vw, 650px\" \/><\/a><\/div>\t\t<\/div>\r\n\t\t\t<\/article>\r\n\t<article class=\"w-grid-item size_1x1 post-743 attachment type-attachment status-inherit hentry\" data-id=\"743\">\r\n\t\t<div class=\"w-grid-item-h\">\r\n\t\t\t\t\t\t\t<a ref=\"magnificPopupGrid\" href=\"https:\/\/www.pogrebno-hrvojka.hr\/wp-content\/uploads\/2022\/11\/prijevoz-pokojnika-Njemacka.jpg\" class=\"w-grid-item-anchor\" aria-label=\"prijevoz pokojnika Njema\u010dka\" title=\"prijevoz pokojnika Njema\u010dka\"><\/a>\r\n\t\t\t\t\t\t<div class=\"w-post-elm post_image usg_post_image_1 stretched\"><a href=\"https:\/\/www.pogrebno-hrvojka.hr\/de\/medunarodni-prijevoz-pokojnika-iz-europe-u-hrvatsku\/prijevoz-pokojnika-njemacka\/\" aria-label=\"prijevoz pokojnika Njema\u010dka\"><img decoding=\"async\" width=\"850\" height=\"893\" src=\"https:\/\/www.pogrebno-hrvojka.hr\/wp-content\/uploads\/2022\/11\/prijevoz-pokojnika-Njemacka.jpg\" class=\"attachment-large size-large\" alt=\"\" srcset=\"https:\/\/www.pogrebno-hrvojka.hr\/wp-content\/uploads\/2022\/11\/prijevoz-pokojnika-Njemacka.jpg 850w, https:\/\/www.pogrebno-hrvojka.hr\/wp-content\/uploads\/2022\/11\/prijevoz-pokojnika-Njemacka-286x300.jpg 286w, https:\/\/www.pogrebno-hrvojka.hr\/wp-content\/uploads\/2022\/11\/prijevoz-pokojnika-Njemacka-11x12.jpg 11w\" sizes=\"(max-width: 850px) 100vw, 850px\" \/><\/a><\/div>\t\t<\/div>\r\n\t\t\t<\/article>\r\n\t<article class=\"w-grid-item size_1x1 post-748 attachment type-attachment status-inherit hentry\" data-id=\"748\">\r\n\t\t<div class=\"w-grid-item-h\">\r\n\t\t\t\t\t\t\t<a ref=\"magnificPopupGrid\" href=\"https:\/\/www.pogrebno-hrvojka.hr\/wp-content\/uploads\/2022\/11\/prijevoz-pokojnika-Svedska.jpg\" class=\"w-grid-item-anchor\" aria-label=\"prijevoz pokojnika \u0160vedska\" title=\"prijevoz pokojnika \u0160vedska\"><\/a>\r\n\t\t\t\t\t\t<div class=\"w-post-elm post_image usg_post_image_1 stretched\"><a href=\"https:\/\/www.pogrebno-hrvojka.hr\/de\/medunarodni-prijevoz-pokojnika-iz-europe-u-hrvatsku\/prijevoz-pokojnika-svedska\/\" aria-label=\"prijevoz pokojnika \u0160vedska\"><img decoding=\"async\" width=\"900\" height=\"900\" src=\"https:\/\/www.pogrebno-hrvojka.hr\/wp-content\/uploads\/2022\/11\/prijevoz-pokojnika-Svedska.jpg\" class=\"attachment-large size-large\" alt=\"\" srcset=\"https:\/\/www.pogrebno-hrvojka.hr\/wp-content\/uploads\/2022\/11\/prijevoz-pokojnika-Svedska.jpg 900w, https:\/\/www.pogrebno-hrvojka.hr\/wp-content\/uploads\/2022\/11\/prijevoz-pokojnika-Svedska-300x300.jpg 300w, https:\/\/www.pogrebno-hrvojka.hr\/wp-content\/uploads\/2022\/11\/prijevoz-pokojnika-Svedska-150x150.jpg 150w, https:\/\/www.pogrebno-hrvojka.hr\/wp-content\/uploads\/2022\/11\/prijevoz-pokojnika-Svedska-12x12.jpg 12w\" sizes=\"(max-width: 900px) 100vw, 900px\" \/><\/a><\/div>\t\t<\/div>\r\n\t\t\t<\/article>\r\n\t<article class=\"w-grid-item size_1x1 post-759 attachment type-attachment status-inherit hentry\" data-id=\"759\">\r\n\t\t<div class=\"w-grid-item-h\">\r\n\t\t\t\t\t\t\t<a ref=\"magnificPopupGrid\" href=\"https:\/\/www.pogrebno-hrvojka.hr\/wp-content\/uploads\/2022\/11\/prijevoz-pokojnika-Belgija.jpg\" class=\"w-grid-item-anchor\" aria-label=\"prijevoz pokojnika Belgija\" title=\"prijevoz pokojnika Belgija\"><\/a>\r\n\t\t\t\t\t\t<div class=\"w-post-elm post_image usg_post_image_1 stretched\"><a href=\"https:\/\/www.pogrebno-hrvojka.hr\/de\/medunarodni-prijevoz-pokojnika-iz-europe-u-hrvatsku\/prijevoz-pokojnika-belgija\/\" aria-label=\"prijevoz pokojnika Belgija\"><img decoding=\"async\" width=\"650\" height=\"867\" src=\"https:\/\/www.pogrebno-hrvojka.hr\/wp-content\/uploads\/2022\/11\/prijevoz-pokojnika-Belgija.jpg\" class=\"attachment-large size-large\" alt=\"\" srcset=\"https:\/\/www.pogrebno-hrvojka.hr\/wp-content\/uploads\/2022\/11\/prijevoz-pokojnika-Belgija.jpg 650w, https:\/\/www.pogrebno-hrvojka.hr\/wp-content\/uploads\/2022\/11\/prijevoz-pokojnika-Belgija-225x300.jpg 225w, https:\/\/www.pogrebno-hrvojka.hr\/wp-content\/uploads\/2022\/11\/prijevoz-pokojnika-Belgija-9x12.jpg 9w\" sizes=\"(max-width: 650px) 100vw, 650px\" \/><\/a><\/div>\t\t<\/div>\r\n\t\t\t<\/article>\r\n\t<article class=\"w-grid-item size_1x1 post-754 attachment type-attachment status-inherit hentry\" data-id=\"754\">\r\n\t\t<div class=\"w-grid-item-h\">\r\n\t\t\t\t\t\t\t<a ref=\"magnificPopupGrid\" href=\"https:\/\/www.pogrebno-hrvojka.hr\/wp-content\/uploads\/2022\/11\/pecacenje-lijesa-za-prijevoz.jpg\" class=\"w-grid-item-anchor\" aria-label=\"pe\u010da\u0107enje lijesa za prijevoz\" title=\"pe\u010da\u0107enje lijesa za prijevoz\"><\/a>\r\n\t\t\t\t\t\t<div class=\"w-post-elm post_image usg_post_image_1 stretched\"><a href=\"https:\/\/www.pogrebno-hrvojka.hr\/de\/medunarodni-prijevoz-pokojnika-iz-europe-u-hrvatsku\/pecacenje-lijesa-za-prijevoz\/\" aria-label=\"pe\u010da\u0107enje lijesa za prijevoz\"><img decoding=\"async\" width=\"650\" height=\"867\" src=\"https:\/\/www.pogrebno-hrvojka.hr\/wp-content\/uploads\/2022\/11\/pecacenje-lijesa-za-prijevoz.jpg\" class=\"attachment-large size-large\" alt=\"\" srcset=\"https:\/\/www.pogrebno-hrvojka.hr\/wp-content\/uploads\/2022\/11\/pecacenje-lijesa-za-prijevoz.jpg 650w, https:\/\/www.pogrebno-hrvojka.hr\/wp-content\/uploads\/2022\/11\/pecacenje-lijesa-za-prijevoz-225x300.jpg 225w, https:\/\/www.pogrebno-hrvojka.hr\/wp-content\/uploads\/2022\/11\/pecacenje-lijesa-za-prijevoz-9x12.jpg 9w\" sizes=\"(max-width: 650px) 100vw, 650px\" \/><\/a><\/div>\t\t<\/div>\r\n\t\t\t<\/article>\r\n\t<article class=\"w-grid-item size_1x1 post-750 attachment type-attachment status-inherit hentry\" data-id=\"750\">\r\n\t\t<div class=\"w-grid-item-h\">\r\n\t\t\t\t\t\t\t<a ref=\"magnificPopupGrid\" href=\"https:\/\/www.pogrebno-hrvojka.hr\/wp-content\/uploads\/2022\/11\/prijevoz-pokojnika-Turska.jpg\" class=\"w-grid-item-anchor\" aria-label=\"prijevoz pokojnika Turska\" title=\"prijevoz pokojnika Turska\"><\/a>\r\n\t\t\t\t\t\t<div class=\"w-post-elm post_image usg_post_image_1 stretched\"><a href=\"https:\/\/www.pogrebno-hrvojka.hr\/de\/medunarodni-prijevoz-pokojnika-iz-europe-u-hrvatsku\/prijevoz-pokojnika-turska\/\" aria-label=\"prijevoz pokojnika Turska\"><img decoding=\"async\" width=\"675\" height=\"900\" src=\"https:\/\/www.pogrebno-hrvojka.hr\/wp-content\/uploads\/2022\/11\/prijevoz-pokojnika-Turska.jpg\" class=\"attachment-large size-large\" alt=\"\" srcset=\"https:\/\/www.pogrebno-hrvojka.hr\/wp-content\/uploads\/2022\/11\/prijevoz-pokojnika-Turska.jpg 675w, https:\/\/www.pogrebno-hrvojka.hr\/wp-content\/uploads\/2022\/11\/prijevoz-pokojnika-Turska-225x300.jpg 225w, https:\/\/www.pogrebno-hrvojka.hr\/wp-content\/uploads\/2022\/11\/prijevoz-pokojnika-Turska-9x12.jpg 9w\" sizes=\"(max-width: 675px) 100vw, 675px\" \/><\/a><\/div>\t\t<\/div>\r\n\t\t\t<\/article>\r\n\t<article class=\"w-grid-item size_1x1 post-742 attachment type-attachment status-inherit hentry\" data-id=\"742\">\r\n\t\t<div class=\"w-grid-item-h\">\r\n\t\t\t\t\t\t\t<a ref=\"magnificPopupGrid\" href=\"https:\/\/www.pogrebno-hrvojka.hr\/wp-content\/uploads\/2022\/11\/prijevoz-pokojnika-Njemacka-Koln.jpg\" class=\"w-grid-item-anchor\" aria-label=\"prijevoz pokojnika Njema\u010dka Koln\" title=\"prijevoz pokojnika Njema\u010dka Koln\"><\/a>\r\n\t\t\t\t\t\t<div class=\"w-post-elm post_image usg_post_image_1 stretched\"><a href=\"https:\/\/www.pogrebno-hrvojka.hr\/de\/medunarodni-prijevoz-pokojnika-iz-europe-u-hrvatsku\/prijevoz-pokojnika-njemacka-koln\/\" aria-label=\"prijevoz pokojnika Njema\u010dka Koln\"><img decoding=\"async\" width=\"900\" height=\"675\" src=\"https:\/\/www.pogrebno-hrvojka.hr\/wp-content\/uploads\/2022\/11\/prijevoz-pokojnika-Njemacka-Koln.jpg\" class=\"attachment-large size-large\" alt=\"\" srcset=\"https:\/\/www.pogrebno-hrvojka.hr\/wp-content\/uploads\/2022\/11\/prijevoz-pokojnika-Njemacka-Koln.jpg 900w, https:\/\/www.pogrebno-hrvojka.hr\/wp-content\/uploads\/2022\/11\/prijevoz-pokojnika-Njemacka-Koln-300x225.jpg 300w, https:\/\/www.pogrebno-hrvojka.hr\/wp-content\/uploads\/2022\/11\/prijevoz-pokojnika-Njemacka-Koln-16x12.jpg 16w\" sizes=\"(max-width: 900px) 100vw, 900px\" \/><\/a><\/div>\t\t<\/div>\r\n\t\t\t<\/article>\r\n\t<article class=\"w-grid-item size_1x1 post-762 attachment type-attachment status-inherit hentry\" data-id=\"762\">\r\n\t\t<div class=\"w-grid-item-h\">\r\n\t\t\t\t\t\t\t<a ref=\"magnificPopupGrid\" href=\"https:\/\/www.pogrebno-hrvojka.hr\/wp-content\/uploads\/2022\/11\/prijevoz-pokojnika-Bugarska.jpg\" class=\"w-grid-item-anchor\" aria-label=\"prijevoz pokojnika Bugarska\" title=\"prijevoz pokojnika Bugarska\"><\/a>\r\n\t\t\t\t\t\t<div class=\"w-post-elm post_image usg_post_image_1 stretched\"><a href=\"https:\/\/www.pogrebno-hrvojka.hr\/de\/medunarodni-prijevoz-pokojnika-iz-europe-u-hrvatsku\/prijevoz-pokojnika-bugarska\/\" aria-label=\"prijevoz pokojnika Bugarska\"><img decoding=\"async\" width=\"900\" height=\"675\" src=\"https:\/\/www.pogrebno-hrvojka.hr\/wp-content\/uploads\/2022\/11\/prijevoz-pokojnika-Bugarska.jpg\" class=\"attachment-large size-large\" alt=\"\" srcset=\"https:\/\/www.pogrebno-hrvojka.hr\/wp-content\/uploads\/2022\/11\/prijevoz-pokojnika-Bugarska.jpg 900w, https:\/\/www.pogrebno-hrvojka.hr\/wp-content\/uploads\/2022\/11\/prijevoz-pokojnika-Bugarska-300x225.jpg 300w, https:\/\/www.pogrebno-hrvojka.hr\/wp-content\/uploads\/2022\/11\/prijevoz-pokojnika-Bugarska-16x12.jpg 16w\" sizes=\"(max-width: 900px) 100vw, 900px\" \/><\/a><\/div>\t\t<\/div>\r\n\t\t\t<\/article>\r\n\t<article class=\"w-grid-item size_1x1 post-737 attachment type-attachment status-inherit hentry\" data-id=\"737\">\r\n\t\t<div class=\"w-grid-item-h\">\r\n\t\t\t\t\t\t\t<a ref=\"magnificPopupGrid\" href=\"https:\/\/www.pogrebno-hrvojka.hr\/wp-content\/uploads\/2022\/11\/prijevoz-pokojnika-Munchen.jpg\" class=\"w-grid-item-anchor\" aria-label=\"prijevoz pokojnika Munchen\" title=\"prijevoz pokojnika Munchen\"><\/a>\r\n\t\t\t\t\t\t<div class=\"w-post-elm post_image usg_post_image_1 stretched\"><a href=\"https:\/\/www.pogrebno-hrvojka.hr\/de\/medunarodni-prijevoz-pokojnika-iz-europe-u-hrvatsku\/prijevoz-pokojnika-munchen\/\" aria-label=\"prijevoz pokojnika Munchen\"><img decoding=\"async\" width=\"900\" height=\"675\" src=\"https:\/\/www.pogrebno-hrvojka.hr\/wp-content\/uploads\/2022\/11\/prijevoz-pokojnika-Munchen.jpg\" class=\"attachment-large size-large\" alt=\"\" srcset=\"https:\/\/www.pogrebno-hrvojka.hr\/wp-content\/uploads\/2022\/11\/prijevoz-pokojnika-Munchen.jpg 900w, https:\/\/www.pogrebno-hrvojka.hr\/wp-content\/uploads\/2022\/11\/prijevoz-pokojnika-Munchen-300x225.jpg 300w, https:\/\/www.pogrebno-hrvojka.hr\/wp-content\/uploads\/2022\/11\/prijevoz-pokojnika-Munchen-16x12.jpg 16w\" sizes=\"(max-width: 900px) 100vw, 900px\" \/><\/a><\/div>\t\t<\/div>\r\n\t\t\t<\/article>\r\n\t<article class=\"w-grid-item size_1x1 post-774 attachment type-attachment status-inherit hentry\" data-id=\"774\">\r\n\t\t<div class=\"w-grid-item-h\">\r\n\t\t\t\t\t\t\t<a ref=\"magnificPopupGrid\" href=\"https:\/\/www.pogrebno-hrvojka.hr\/wp-content\/uploads\/2022\/11\/prijevoz-pokojnika-iz-Srbije.jpg\" class=\"w-grid-item-anchor\" aria-label=\"prijevoz pokojnika iz Srbije\" title=\"prijevoz pokojnika iz Srbije\"><\/a>\r\n\t\t\t\t\t\t<div class=\"w-post-elm post_image usg_post_image_1 stretched\"><a href=\"https:\/\/www.pogrebno-hrvojka.hr\/de\/medunarodni-prijevoz-pokojnika-iz-europe-u-hrvatsku\/prijevoz-pokojnika-iz-srbije\/\" aria-label=\"prijevoz pokojnika iz Srbije\"><img decoding=\"async\" width=\"650\" height=\"867\" src=\"https:\/\/www.pogrebno-hrvojka.hr\/wp-content\/uploads\/2022\/11\/prijevoz-pokojnika-iz-Srbije.jpg\" class=\"attachment-large size-large\" alt=\"\" srcset=\"https:\/\/www.pogrebno-hrvojka.hr\/wp-content\/uploads\/2022\/11\/prijevoz-pokojnika-iz-Srbije.jpg 650w, https:\/\/www.pogrebno-hrvojka.hr\/wp-content\/uploads\/2022\/11\/prijevoz-pokojnika-iz-Srbije-225x300.jpg 225w, https:\/\/www.pogrebno-hrvojka.hr\/wp-content\/uploads\/2022\/11\/prijevoz-pokojnika-iz-Srbije-9x12.jpg 9w\" sizes=\"(max-width: 650px) 100vw, 650px\" \/><\/a><\/div>\t\t<\/div>\r\n\t\t\t<\/article>\r\n\t<article class=\"w-grid-item size_1x1 post-768 attachment type-attachment status-inherit hentry\" data-id=\"768\">\r\n\t\t<div class=\"w-grid-item-h\">\r\n\t\t\t\t\t\t\t<a ref=\"magnificPopupGrid\" href=\"https:\/\/www.pogrebno-hrvojka.hr\/wp-content\/uploads\/2022\/11\/prijevoz-pokojnika-iz-Francuske.jpg\" class=\"w-grid-item-anchor\" aria-label=\"prijevoz pokojnika iz Francuske\" title=\"prijevoz pokojnika iz Francuske\"><\/a>\r\n\t\t\t\t\t\t<div class=\"w-post-elm post_image usg_post_image_1 stretched\"><a href=\"https:\/\/www.pogrebno-hrvojka.hr\/de\/medunarodni-prijevoz-pokojnika-iz-europe-u-hrvatsku\/prijevoz-pokojnika-iz-francuske\/\" aria-label=\"prijevoz pokojnika iz Francuske\"><img decoding=\"async\" width=\"900\" height=\"900\" src=\"https:\/\/www.pogrebno-hrvojka.hr\/wp-content\/uploads\/2022\/11\/prijevoz-pokojnika-iz-Francuske.jpg\" class=\"attachment-large size-large\" alt=\"\" srcset=\"https:\/\/www.pogrebno-hrvojka.hr\/wp-content\/uploads\/2022\/11\/prijevoz-pokojnika-iz-Francuske.jpg 900w, https:\/\/www.pogrebno-hrvojka.hr\/wp-content\/uploads\/2022\/11\/prijevoz-pokojnika-iz-Francuske-300x300.jpg 300w, https:\/\/www.pogrebno-hrvojka.hr\/wp-content\/uploads\/2022\/11\/prijevoz-pokojnika-iz-Francuske-150x150.jpg 150w, https:\/\/www.pogrebno-hrvojka.hr\/wp-content\/uploads\/2022\/11\/prijevoz-pokojnika-iz-Francuske-12x12.jpg 12w\" sizes=\"(max-width: 900px) 100vw, 900px\" \/><\/a><\/div>\t\t<\/div>\r\n\t\t\t<\/article>\r\n\t<article class=\"w-grid-item size_1x1 post-757 attachment type-attachment status-inherit hentry\" data-id=\"757\">\r\n\t\t<div class=\"w-grid-item-h\">\r\n\t\t\t\t\t\t\t<a ref=\"magnificPopupGrid\" href=\"https:\/\/www.pogrebno-hrvojka.hr\/wp-content\/uploads\/2022\/11\/prijevoz-pokojnika-Austrija.jpg\" class=\"w-grid-item-anchor\" aria-label=\"prijevoz pokojnika Austrija\" title=\"prijevoz pokojnika Austrija\"><\/a>\r\n\t\t\t\t\t\t<div class=\"w-post-elm post_image usg_post_image_1 stretched\"><a href=\"https:\/\/www.pogrebno-hrvojka.hr\/de\/medunarodni-prijevoz-pokojnika-iz-europe-u-hrvatsku\/prijevoz-pokojnika-austrija\/\" aria-label=\"prijevoz pokojnika Austrija\"><img decoding=\"async\" width=\"292\" height=\"600\" src=\"https:\/\/www.pogrebno-hrvojka.hr\/wp-content\/uploads\/2022\/11\/prijevoz-pokojnika-Austrija.jpg\" class=\"attachment-large size-large\" alt=\"\" srcset=\"https:\/\/www.pogrebno-hrvojka.hr\/wp-content\/uploads\/2022\/11\/prijevoz-pokojnika-Austrija.jpg 292w, https:\/\/www.pogrebno-hrvojka.hr\/wp-content\/uploads\/2022\/11\/prijevoz-pokojnika-Austrija-146x300.jpg 146w, https:\/\/www.pogrebno-hrvojka.hr\/wp-content\/uploads\/2022\/11\/prijevoz-pokojnika-Austrija-6x12.jpg 6w\" sizes=\"(max-width: 292px) 100vw, 292px\" \/><\/a><\/div>\t\t<\/div>\r\n\t\t\t<\/article>\r\n\t<article class=\"w-grid-item size_1x1 post-1330 attachment type-attachment status-inherit hentry\" data-id=\"1330\">\r\n\t\t<div class=\"w-grid-item-h\">\r\n\t\t\t\t\t\t\t<a ref=\"magnificPopupGrid\" href=\"https:\/\/www.pogrebno-hrvojka.hr\/wp-content\/uploads\/2022\/12\/Pogrebne-usluge-prijevoz-pokojnika.jpg\" class=\"w-grid-item-anchor\" aria-label=\"Pogrebne usluge prijevoz pokojnika\" title=\"Pogrebne usluge prijevoz pokojnika\"><\/a>\r\n\t\t\t\t\t\t<div class=\"w-post-elm post_image usg_post_image_1 stretched\"><a href=\"https:\/\/www.pogrebno-hrvojka.hr\/de\/o-nama\/pogrebne-usluge-prijevoz-pokojnika\/\" aria-label=\"Pogrebne usluge prijevoz pokojnika\"><img decoding=\"async\" width=\"900\" height=\"675\" src=\"https:\/\/www.pogrebno-hrvojka.hr\/wp-content\/uploads\/2022\/12\/Pogrebne-usluge-prijevoz-pokojnika.jpg\" class=\"attachment-large size-large\" alt=\"\" srcset=\"https:\/\/www.pogrebno-hrvojka.hr\/wp-content\/uploads\/2022\/12\/Pogrebne-usluge-prijevoz-pokojnika.jpg 900w, https:\/\/www.pogrebno-hrvojka.hr\/wp-content\/uploads\/2022\/12\/Pogrebne-usluge-prijevoz-pokojnika-300x225.jpg 300w, https:\/\/www.pogrebno-hrvojka.hr\/wp-content\/uploads\/2022\/12\/Pogrebne-usluge-prijevoz-pokojnika-16x12.jpg 16w\" sizes=\"(max-width: 900px) 100vw, 900px\" \/><\/a><\/div>\t\t<\/div>\r\n\t\t\t<\/article>\r\n\t<article class=\"w-grid-item size_1x1 post-773 attachment type-attachment status-inherit hentry\" data-id=\"773\">\r\n\t\t<div class=\"w-grid-item-h\">\r\n\t\t\t\t\t\t\t<a ref=\"magnificPopupGrid\" href=\"https:\/\/www.pogrebno-hrvojka.hr\/wp-content\/uploads\/2022\/11\/prijevoz-pokojnika-iz-Slovacke.jpg\" class=\"w-grid-item-anchor\" aria-label=\"prijevoz pokojnika iz Slova\u010dke\" title=\"prijevoz pokojnika iz Slova\u010dke\"><\/a>\r\n\t\t\t\t\t\t<div class=\"w-post-elm post_image usg_post_image_1 stretched\"><a href=\"https:\/\/www.pogrebno-hrvojka.hr\/de\/medunarodni-prijevoz-pokojnika-iz-europe-u-hrvatsku\/prijevoz-pokojnika-iz-slovacke\/\" aria-label=\"prijevoz pokojnika iz Slova\u010dke\"><img decoding=\"async\" width=\"900\" height=\"873\" src=\"https:\/\/www.pogrebno-hrvojka.hr\/wp-content\/uploads\/2022\/11\/prijevoz-pokojnika-iz-Slovacke.jpg\" class=\"attachment-large size-large\" alt=\"\" srcset=\"https:\/\/www.pogrebno-hrvojka.hr\/wp-content\/uploads\/2022\/11\/prijevoz-pokojnika-iz-Slovacke.jpg 900w, https:\/\/www.pogrebno-hrvojka.hr\/wp-content\/uploads\/2022\/11\/prijevoz-pokojnika-iz-Slovacke-300x291.jpg 300w, https:\/\/www.pogrebno-hrvojka.hr\/wp-content\/uploads\/2022\/11\/prijevoz-pokojnika-iz-Slovacke-12x12.jpg 12w\" sizes=\"(max-width: 900px) 100vw, 900px\" \/><\/a><\/div>\t\t<\/div>\r\n\t\t\t<\/article>\r\n\t<article class=\"w-grid-item size_1x1 post-767 attachment type-attachment status-inherit hentry\" data-id=\"767\">\r\n\t\t<div class=\"w-grid-item-h\">\r\n\t\t\t\t\t\t\t<a ref=\"magnificPopupGrid\" href=\"https:\/\/www.pogrebno-hrvojka.hr\/wp-content\/uploads\/2022\/11\/prijevoz-pokojnika-iz-Austrije.jpg\" class=\"w-grid-item-anchor\" aria-label=\"prijevoz pokojnika iz Austrije\" title=\"prijevoz pokojnika iz Austrije\"><\/a>\r\n\t\t\t\t\t\t<div class=\"w-post-elm post_image usg_post_image_1 stretched\"><a href=\"https:\/\/www.pogrebno-hrvojka.hr\/de\/medunarodni-prijevoz-pokojnika-iz-europe-u-hrvatsku\/prijevoz-pokojnika-iz-austrije\/\" aria-label=\"prijevoz pokojnika iz Austrije\"><img decoding=\"async\" width=\"608\" height=\"600\" src=\"https:\/\/www.pogrebno-hrvojka.hr\/wp-content\/uploads\/2022\/11\/prijevoz-pokojnika-iz-Austrije.jpg\" class=\"attachment-large size-large\" alt=\"\" srcset=\"https:\/\/www.pogrebno-hrvojka.hr\/wp-content\/uploads\/2022\/11\/prijevoz-pokojnika-iz-Austrije.jpg 608w, https:\/\/www.pogrebno-hrvojka.hr\/wp-content\/uploads\/2022\/11\/prijevoz-pokojnika-iz-Austrije-300x296.jpg 300w, https:\/\/www.pogrebno-hrvojka.hr\/wp-content\/uploads\/2022\/11\/prijevoz-pokojnika-iz-Austrije-12x12.jpg 12w\" sizes=\"(max-width: 608px) 100vw, 608px\" \/><\/a><\/div>\t\t<\/div>\r\n\t\t\t<\/article>\r\n\t<article class=\"w-grid-item size_1x1 post-741 attachment type-attachment status-inherit hentry\" data-id=\"741\">\r\n\t\t<div class=\"w-grid-item-h\">\r\n\t\t\t\t\t\t\t<a ref=\"magnificPopupGrid\" href=\"https:\/\/www.pogrebno-hrvojka.hr\/wp-content\/uploads\/2022\/11\/prijevoz-pokojnika-Njemacka-Hrvatska.jpg\" class=\"w-grid-item-anchor\" aria-label=\"prijevoz pokojnika Njema\u010dka Hrvatska\" title=\"prijevoz pokojnika Njema\u010dka Hrvatska\"><\/a>\r\n\t\t\t\t\t\t<div class=\"w-post-elm post_image usg_post_image_1 stretched\"><a href=\"https:\/\/www.pogrebno-hrvojka.hr\/de\/medunarodni-prijevoz-pokojnika-iz-europe-u-hrvatsku\/prijevoz-pokojnika-njemacka-hrvatska\/\" aria-label=\"prijevoz pokojnika Njema\u010dka Hrvatska\"><img decoding=\"async\" width=\"900\" height=\"506\" src=\"https:\/\/www.pogrebno-hrvojka.hr\/wp-content\/uploads\/2022\/11\/prijevoz-pokojnika-Njemacka-Hrvatska.jpg\" class=\"attachment-large size-large\" alt=\"\" srcset=\"https:\/\/www.pogrebno-hrvojka.hr\/wp-content\/uploads\/2022\/11\/prijevoz-pokojnika-Njemacka-Hrvatska.jpg 900w, https:\/\/www.pogrebno-hrvojka.hr\/wp-content\/uploads\/2022\/11\/prijevoz-pokojnika-Njemacka-Hrvatska-300x169.jpg 300w, https:\/\/www.pogrebno-hrvojka.hr\/wp-content\/uploads\/2022\/11\/prijevoz-pokojnika-Njemacka-Hrvatska-18x10.jpg 18w\" sizes=\"(max-width: 900px) 100vw, 900px\" \/><\/a><\/div>\t\t<\/div>\r\n\t\t\t<\/article>\r\n\t<article class=\"w-grid-item size_1x1 post-745 attachment type-attachment status-inherit hentry\" data-id=\"745\">\r\n\t\t<div class=\"w-grid-item-h\">\r\n\t\t\t\t\t\t\t<a ref=\"magnificPopupGrid\" href=\"https:\/\/www.pogrebno-hrvojka.hr\/wp-content\/uploads\/2022\/11\/prijevoz-pokojnika-Rim-Italija.jpg\" class=\"w-grid-item-anchor\" aria-label=\"prijevoz pokojnika Rim Italija\" title=\"prijevoz pokojnika Rim Italija\"><\/a>\r\n\t\t\t\t\t\t<div class=\"w-post-elm post_image usg_post_image_1 stretched\"><a href=\"https:\/\/www.pogrebno-hrvojka.hr\/de\/medunarodni-prijevoz-pokojnika-iz-europe-u-hrvatsku\/prijevoz-pokojnika-rim-italija\/\" aria-label=\"prijevoz pokojnika Rim Italija\"><img decoding=\"async\" width=\"650\" height=\"867\" src=\"https:\/\/www.pogrebno-hrvojka.hr\/wp-content\/uploads\/2022\/11\/prijevoz-pokojnika-Rim-Italija.jpg\" class=\"attachment-large size-large\" alt=\"\" srcset=\"https:\/\/www.pogrebno-hrvojka.hr\/wp-content\/uploads\/2022\/11\/prijevoz-pokojnika-Rim-Italija.jpg 650w, https:\/\/www.pogrebno-hrvojka.hr\/wp-content\/uploads\/2022\/11\/prijevoz-pokojnika-Rim-Italija-225x300.jpg 225w, https:\/\/www.pogrebno-hrvojka.hr\/wp-content\/uploads\/2022\/11\/prijevoz-pokojnika-Rim-Italija-9x12.jpg 9w\" sizes=\"(max-width: 650px) 100vw, 650px\" \/><\/a><\/div>\t\t<\/div>\r\n\t\t\t<\/article>\r\n\t<article class=\"w-grid-item size_1x1 post-758 attachment type-attachment status-inherit hentry\" data-id=\"758\">\r\n\t\t<div class=\"w-grid-item-h\">\r\n\t\t\t\t\t\t\t<a ref=\"magnificPopupGrid\" href=\"https:\/\/www.pogrebno-hrvojka.hr\/wp-content\/uploads\/2022\/11\/prijevoz-pokojnika-Albanija.jpg\" class=\"w-grid-item-anchor\" aria-label=\"OLYMPUS DIGITAL CAMERA\" title=\"OLYMPUS DIGITAL CAMERA\"><\/a>\r\n\t\t\t\t\t\t<div class=\"w-post-elm post_image usg_post_image_1 stretched\"><a href=\"https:\/\/www.pogrebno-hrvojka.hr\/de\/medunarodni-prijevoz-pokojnika-iz-europe-u-hrvatsku\/olympus-digital-camera-3\/\" aria-label=\"OLYMPUS DIGITAL CAMERA\"><img decoding=\"async\" width=\"802\" height=\"600\" src=\"https:\/\/www.pogrebno-hrvojka.hr\/wp-content\/uploads\/2022\/11\/prijevoz-pokojnika-Albanija.jpg\" class=\"attachment-large size-large\" alt=\"\" srcset=\"https:\/\/www.pogrebno-hrvojka.hr\/wp-content\/uploads\/2022\/11\/prijevoz-pokojnika-Albanija.jpg 802w, https:\/\/www.pogrebno-hrvojka.hr\/wp-content\/uploads\/2022\/11\/prijevoz-pokojnika-Albanija-300x224.jpg 300w, https:\/\/www.pogrebno-hrvojka.hr\/wp-content\/uploads\/2022\/11\/prijevoz-pokojnika-Albanija-16x12.jpg 16w\" sizes=\"(max-width: 802px) 100vw, 802px\" \/><\/a><\/div>\t\t<\/div>\r\n\t\t\t<\/article>\r\n\t<article class=\"w-grid-item size_1x1 post-763 attachment type-attachment status-inherit hentry\" data-id=\"763\">\r\n\t\t<div class=\"w-grid-item-h\">\r\n\t\t\t\t\t\t\t<a ref=\"magnificPopupGrid\" href=\"https:\/\/www.pogrebno-hrvojka.hr\/wp-content\/uploads\/2022\/11\/prijevoz-pokojnika-Ceska-Prag.jpg\" class=\"w-grid-item-anchor\" aria-label=\"prijevoz pokojnika \u010ce\u0161ka Prag\" title=\"prijevoz pokojnika \u010ce\u0161ka Prag\"><\/a>\r\n\t\t\t\t\t\t<div class=\"w-post-elm post_image usg_post_image_1 stretched\"><a href=\"https:\/\/www.pogrebno-hrvojka.hr\/de\/medunarodni-prijevoz-pokojnika-iz-europe-u-hrvatsku\/prijevoz-pokojnika-ceska-prag\/\" aria-label=\"prijevoz pokojnika \u010ce\u0161ka Prag\"><img decoding=\"async\" width=\"900\" height=\"675\" src=\"https:\/\/www.pogrebno-hrvojka.hr\/wp-content\/uploads\/2022\/11\/prijevoz-pokojnika-Ceska-Prag.jpg\" class=\"attachment-large size-large\" alt=\"\" srcset=\"https:\/\/www.pogrebno-hrvojka.hr\/wp-content\/uploads\/2022\/11\/prijevoz-pokojnika-Ceska-Prag.jpg 900w, https:\/\/www.pogrebno-hrvojka.hr\/wp-content\/uploads\/2022\/11\/prijevoz-pokojnika-Ceska-Prag-300x225.jpg 300w, https:\/\/www.pogrebno-hrvojka.hr\/wp-content\/uploads\/2022\/11\/prijevoz-pokojnika-Ceska-Prag-16x12.jpg 16w\" sizes=\"(max-width: 900px) 100vw, 900px\" \/><\/a><\/div>\t\t<\/div>\r\n\t\t\t<\/article>\r\n\t<article class=\"w-grid-item size_1x1 post-765 attachment type-attachment status-inherit hentry\" data-id=\"765\">\r\n\t\t<div class=\"w-grid-item-h\">\r\n\t\t\t\t\t\t\t<a ref=\"magnificPopupGrid\" href=\"https:\/\/www.pogrebno-hrvojka.hr\/wp-content\/uploads\/2022\/11\/prijevoz-pokojnika-Hrvatska-Njemacka.jpg\" class=\"w-grid-item-anchor\" aria-label=\"prijevoz pokojnika Hrvatska Njema\u010dka\" title=\"prijevoz pokojnika Hrvatska Njema\u010dka\"><\/a>\r\n\t\t\t\t\t\t<div class=\"w-post-elm post_image usg_post_image_1 stretched\"><a href=\"https:\/\/www.pogrebno-hrvojka.hr\/de\/medunarodni-prijevoz-pokojnika-iz-europe-u-hrvatsku\/prijevoz-pokojnika-hrvatska-njemacka\/\" aria-label=\"prijevoz pokojnika Hrvatska Njema\u010dka\"><img decoding=\"async\" width=\"500\" height=\"889\" src=\"https:\/\/www.pogrebno-hrvojka.hr\/wp-content\/uploads\/2022\/11\/prijevoz-pokojnika-Hrvatska-Njemacka.jpg\" class=\"attachment-large size-large\" alt=\"\" srcset=\"https:\/\/www.pogrebno-hrvojka.hr\/wp-content\/uploads\/2022\/11\/prijevoz-pokojnika-Hrvatska-Njemacka.jpg 500w, https:\/\/www.pogrebno-hrvojka.hr\/wp-content\/uploads\/2022\/11\/prijevoz-pokojnika-Hrvatska-Njemacka-169x300.jpg 169w, https:\/\/www.pogrebno-hrvojka.hr\/wp-content\/uploads\/2022\/11\/prijevoz-pokojnika-Hrvatska-Njemacka-7x12.jpg 7w\" sizes=\"(max-width: 500px) 100vw, 500px\" \/><\/a><\/div>\t\t<\/div>\r\n\t\t\t<\/article>\r\n\t<article class=\"w-grid-item size_1x1 post-749 attachment type-attachment status-inherit hentry\" data-id=\"749\">\r\n\t\t<div class=\"w-grid-item-h\">\r\n\t\t\t\t\t\t\t<a ref=\"magnificPopupGrid\" href=\"https:\/\/www.pogrebno-hrvojka.hr\/wp-content\/uploads\/2022\/11\/prijevoz-pokojnika-Svicarska.jpg\" class=\"w-grid-item-anchor\" aria-label=\"prijevoz pokojnika \u0160vicarska\" title=\"prijevoz pokojnika \u0160vicarska\"><\/a>\r\n\t\t\t\t\t\t<div class=\"w-post-elm post_image usg_post_image_1 stretched\"><a href=\"https:\/\/www.pogrebno-hrvojka.hr\/de\/medunarodni-prijevoz-pokojnika-iz-europe-u-hrvatsku\/prijevoz-pokojnika-svicarska\/\" aria-label=\"prijevoz pokojnika \u0160vicarska\"><img decoding=\"async\" width=\"450\" height=\"600\" src=\"https:\/\/www.pogrebno-hrvojka.hr\/wp-content\/uploads\/2022\/11\/prijevoz-pokojnika-Svicarska.jpg\" class=\"attachment-large size-large\" alt=\"\" srcset=\"https:\/\/www.pogrebno-hrvojka.hr\/wp-content\/uploads\/2022\/11\/prijevoz-pokojnika-Svicarska.jpg 450w, https:\/\/www.pogrebno-hrvojka.hr\/wp-content\/uploads\/2022\/11\/prijevoz-pokojnika-Svicarska-225x300.jpg 225w, https:\/\/www.pogrebno-hrvojka.hr\/wp-content\/uploads\/2022\/11\/prijevoz-pokojnika-Svicarska-9x12.jpg 9w\" sizes=\"(max-width: 450px) 100vw, 450px\" \/><\/a><\/div>\t\t<\/div>\r\n\t\t\t<\/article>\r\n\t<article class=\"w-grid-item size_1x1 post-752 attachment type-attachment status-inherit hentry\" data-id=\"752\">\r\n\t\t<div class=\"w-grid-item-h\">\r\n\t\t\t\t\t\t\t<a ref=\"magnificPopupGrid\" href=\"https:\/\/www.pogrebno-hrvojka.hr\/wp-content\/uploads\/2022\/11\/Princivali-International-repatriation.jpg\" class=\"w-grid-item-anchor\" aria-label=\"Princivali International repatriation\" title=\"Princivali International repatriation\"><\/a>\r\n\t\t\t\t\t\t<div class=\"w-post-elm post_image usg_post_image_1 stretched\"><a href=\"https:\/\/www.pogrebno-hrvojka.hr\/de\/medunarodni-prijevoz-pokojnika-iz-europe-u-hrvatsku\/princivali-international-repatriation\/\" aria-label=\"Princivali International repatriation\"><img decoding=\"async\" width=\"650\" height=\"867\" src=\"https:\/\/www.pogrebno-hrvojka.hr\/wp-content\/uploads\/2022\/11\/Princivali-International-repatriation.jpg\" class=\"attachment-large size-large\" alt=\"\" srcset=\"https:\/\/www.pogrebno-hrvojka.hr\/wp-content\/uploads\/2022\/11\/Princivali-International-repatriation.jpg 650w, https:\/\/www.pogrebno-hrvojka.hr\/wp-content\/uploads\/2022\/11\/Princivali-International-repatriation-225x300.jpg 225w, https:\/\/www.pogrebno-hrvojka.hr\/wp-content\/uploads\/2022\/11\/Princivali-International-repatriation-9x12.jpg 9w\" sizes=\"(max-width: 650px) 100vw, 650px\" \/><\/a><\/div>\t\t<\/div>\r\n\t\t\t<\/article>\r\n\t<article class=\"w-grid-item size_1x1 post-770 attachment type-attachment status-inherit hentry\" data-id=\"770\">\r\n\t\t<div class=\"w-grid-item-h\">\r\n\t\t\t\t\t\t\t<a ref=\"magnificPopupGrid\" href=\"https:\/\/www.pogrebno-hrvojka.hr\/wp-content\/uploads\/2022\/11\/prijevoz-pokojnika-iz-Nizozemske.jpg\" class=\"w-grid-item-anchor\" aria-label=\"prijevoz pokojnika iz Nizozemske\" title=\"prijevoz pokojnika iz Nizozemske\"><\/a>\r\n\t\t\t\t\t\t<div class=\"w-post-elm post_image usg_post_image_1 stretched\"><a href=\"https:\/\/www.pogrebno-hrvojka.hr\/de\/medunarodni-prijevoz-pokojnika-iz-europe-u-hrvatsku\/prijevoz-pokojnika-iz-nizozemske\/\" aria-label=\"prijevoz pokojnika iz Nizozemske\"><img decoding=\"async\" width=\"900\" height=\"647\" src=\"https:\/\/www.pogrebno-hrvojka.hr\/wp-content\/uploads\/2022\/11\/prijevoz-pokojnika-iz-Nizozemske.jpg\" class=\"attachment-large size-large\" alt=\"\" srcset=\"https:\/\/www.pogrebno-hrvojka.hr\/wp-content\/uploads\/2022\/11\/prijevoz-pokojnika-iz-Nizozemske.jpg 900w, https:\/\/www.pogrebno-hrvojka.hr\/wp-content\/uploads\/2022\/11\/prijevoz-pokojnika-iz-Nizozemske-300x216.jpg 300w, https:\/\/www.pogrebno-hrvojka.hr\/wp-content\/uploads\/2022\/11\/prijevoz-pokojnika-iz-Nizozemske-18x12.jpg 18w\" sizes=\"(max-width: 900px) 100vw, 900px\" \/><\/a><\/div>\t\t<\/div>\r\n\t\t\t<\/article>\r\n\t<article class=\"w-grid-item size_1x1 post-738 attachment type-attachment status-inherit hentry\" data-id=\"738\">\r\n\t\t<div class=\"w-grid-item-h\">\r\n\t\t\t\t\t\t\t<a ref=\"magnificPopupGrid\" href=\"https:\/\/www.pogrebno-hrvojka.hr\/wp-content\/uploads\/2022\/11\/prijevoz-pokojnika-Milano.jpg\" class=\"w-grid-item-anchor\" aria-label=\"prijevoz pokojnika Milano\" title=\"prijevoz pokojnika Milano\"><\/a>\r\n\t\t\t\t\t\t<div class=\"w-post-elm post_image usg_post_image_1 stretched\"><a href=\"https:\/\/www.pogrebno-hrvojka.hr\/de\/medunarodni-prijevoz-pokojnika-iz-europe-u-hrvatsku\/prijevoz-pokojnika-milano\/\" aria-label=\"prijevoz pokojnika Milano\"><img decoding=\"async\" width=\"900\" height=\"675\" src=\"https:\/\/www.pogrebno-hrvojka.hr\/wp-content\/uploads\/2022\/11\/prijevoz-pokojnika-Milano.jpg\" class=\"attachment-large size-large\" alt=\"\" srcset=\"https:\/\/www.pogrebno-hrvojka.hr\/wp-content\/uploads\/2022\/11\/prijevoz-pokojnika-Milano.jpg 900w, https:\/\/www.pogrebno-hrvojka.hr\/wp-content\/uploads\/2022\/11\/prijevoz-pokojnika-Milano-300x225.jpg 300w, https:\/\/www.pogrebno-hrvojka.hr\/wp-content\/uploads\/2022\/11\/prijevoz-pokojnika-Milano-16x12.jpg 16w\" sizes=\"(max-width: 900px) 100vw, 900px\" \/><\/a><\/div>\t\t<\/div>\r\n\t\t\t<\/article>\r\n\t<article class=\"w-grid-item size_1x1 post-764 attachment type-attachment status-inherit hentry\" data-id=\"764\">\r\n\t\t<div class=\"w-grid-item-h\">\r\n\t\t\t\t\t\t\t<a ref=\"magnificPopupGrid\" href=\"https:\/\/www.pogrebno-hrvojka.hr\/wp-content\/uploads\/2022\/11\/prijevoz-pokojnika-Francuska.jpg\" class=\"w-grid-item-anchor\" aria-label=\"prijevoz pokojnika Francuska\" title=\"prijevoz pokojnika Francuska\"><\/a>\r\n\t\t\t\t\t\t<div class=\"w-post-elm post_image usg_post_image_1 stretched\"><a href=\"https:\/\/www.pogrebno-hrvojka.hr\/de\/medunarodni-prijevoz-pokojnika-iz-europe-u-hrvatsku\/prijevoz-pokojnika-francuska\/\" aria-label=\"prijevoz pokojnika Francuska\"><img decoding=\"async\" width=\"800\" height=\"600\" src=\"https:\/\/www.pogrebno-hrvojka.hr\/wp-content\/uploads\/2022\/11\/prijevoz-pokojnika-Francuska.jpg\" class=\"attachment-large size-large\" alt=\"\" srcset=\"https:\/\/www.pogrebno-hrvojka.hr\/wp-content\/uploads\/2022\/11\/prijevoz-pokojnika-Francuska.jpg 800w, https:\/\/www.pogrebno-hrvojka.hr\/wp-content\/uploads\/2022\/11\/prijevoz-pokojnika-Francuska-300x225.jpg 300w, https:\/\/www.pogrebno-hrvojka.hr\/wp-content\/uploads\/2022\/11\/prijevoz-pokojnika-Francuska-16x12.jpg 16w\" sizes=\"(max-width: 800px) 100vw, 800px\" \/><\/a><\/div>\t\t<\/div>\r\n\t\t\t<\/article>\r\n\t<article class=\"w-grid-item size_1x1 post-756 attachment type-attachment status-inherit hentry\" data-id=\"756\">\r\n\t\t<div class=\"w-grid-item-h\">\r\n\t\t\t\t\t\t\t<a ref=\"magnificPopupGrid\" href=\"https:\/\/www.pogrebno-hrvojka.hr\/wp-content\/uploads\/2022\/11\/prijevoz-iz-Francuske.jpg\" class=\"w-grid-item-anchor\" aria-label=\"prijevoz iz Francuske\" title=\"prijevoz iz Francuske\"><\/a>\r\n\t\t\t\t\t\t<div class=\"w-post-elm post_image usg_post_image_1 stretched\"><a href=\"https:\/\/www.pogrebno-hrvojka.hr\/de\/medunarodni-prijevoz-pokojnika-iz-europe-u-hrvatsku\/prijevoz-iz-francuske\/\" aria-label=\"prijevoz iz Francuske\"><img decoding=\"async\" width=\"900\" height=\"675\" src=\"https:\/\/www.pogrebno-hrvojka.hr\/wp-content\/uploads\/2022\/11\/prijevoz-iz-Francuske.jpg\" class=\"attachment-large size-large\" alt=\"\" srcset=\"https:\/\/www.pogrebno-hrvojka.hr\/wp-content\/uploads\/2022\/11\/prijevoz-iz-Francuske.jpg 900w, https:\/\/www.pogrebno-hrvojka.hr\/wp-content\/uploads\/2022\/11\/prijevoz-iz-Francuske-300x225.jpg 300w, https:\/\/www.pogrebno-hrvojka.hr\/wp-content\/uploads\/2022\/11\/prijevoz-iz-Francuske-16x12.jpg 16w\" sizes=\"(max-width: 900px) 100vw, 900px\" \/><\/a><\/div>\t\t<\/div>\r\n\t\t\t<\/article>\r\n\t<article class=\"w-grid-item size_1x1 post-746 attachment type-attachment status-inherit hentry\" data-id=\"746\">\r\n\t\t<div class=\"w-grid-item-h\">\r\n\t\t\t\t\t\t\t<a ref=\"magnificPopupGrid\" href=\"https:\/\/www.pogrebno-hrvojka.hr\/wp-content\/uploads\/2022\/11\/prijevoz-pokojnika-Slovenija.jpg\" class=\"w-grid-item-anchor\" aria-label=\"prijevoz pokojnika Slovenija\" title=\"prijevoz pokojnika Slovenija\"><\/a>\r\n\t\t\t\t\t\t<div class=\"w-post-elm post_image usg_post_image_1 stretched\"><a href=\"https:\/\/www.pogrebno-hrvojka.hr\/de\/medunarodni-prijevoz-pokojnika-iz-europe-u-hrvatsku\/prijevoz-pokojnika-slovenija\/\" aria-label=\"prijevoz pokojnika Slovenija\"><img decoding=\"async\" width=\"900\" height=\"675\" src=\"https:\/\/www.pogrebno-hrvojka.hr\/wp-content\/uploads\/2022\/11\/prijevoz-pokojnika-Slovenija.jpg\" class=\"attachment-large size-large\" alt=\"\" srcset=\"https:\/\/www.pogrebno-hrvojka.hr\/wp-content\/uploads\/2022\/11\/prijevoz-pokojnika-Slovenija.jpg 900w, https:\/\/www.pogrebno-hrvojka.hr\/wp-content\/uploads\/2022\/11\/prijevoz-pokojnika-Slovenija-300x225.jpg 300w, https:\/\/www.pogrebno-hrvojka.hr\/wp-content\/uploads\/2022\/11\/prijevoz-pokojnika-Slovenija-16x12.jpg 16w\" sizes=\"(max-width: 900px) 100vw, 900px\" \/><\/a><\/div>\t\t<\/div>\r\n\t\t\t<\/article>\r\n\t<article class=\"w-grid-item size_1x1 post-771 attachment type-attachment status-inherit hentry\" data-id=\"771\">\r\n\t\t<div class=\"w-grid-item-h\">\r\n\t\t\t\t\t\t\t<a ref=\"magnificPopupGrid\" href=\"https:\/\/www.pogrebno-hrvojka.hr\/wp-content\/uploads\/2022\/11\/prijevoz-pokojnika-iz-Njemacka.jpg\" class=\"w-grid-item-anchor\" aria-label=\"prijevoz pokojnika iz Njema\u010dka\" title=\"prijevoz pokojnika iz Njema\u010dka\"><\/a>\r\n\t\t\t\t\t\t<div class=\"w-post-elm post_image usg_post_image_1 stretched\"><a href=\"https:\/\/www.pogrebno-hrvojka.hr\/de\/medunarodni-prijevoz-pokojnika-iz-europe-u-hrvatsku\/prijevoz-pokojnika-iz-njemacka\/\" aria-label=\"prijevoz pokojnika iz Njema\u010dka\"><img decoding=\"async\" width=\"900\" height=\"900\" src=\"https:\/\/www.pogrebno-hrvojka.hr\/wp-content\/uploads\/2022\/11\/prijevoz-pokojnika-iz-Njemacka.jpg\" class=\"attachment-large size-large\" alt=\"\" srcset=\"https:\/\/www.pogrebno-hrvojka.hr\/wp-content\/uploads\/2022\/11\/prijevoz-pokojnika-iz-Njemacka.jpg 900w, https:\/\/www.pogrebno-hrvojka.hr\/wp-content\/uploads\/2022\/11\/prijevoz-pokojnika-iz-Njemacka-300x300.jpg 300w, https:\/\/www.pogrebno-hrvojka.hr\/wp-content\/uploads\/2022\/11\/prijevoz-pokojnika-iz-Njemacka-150x150.jpg 150w, https:\/\/www.pogrebno-hrvojka.hr\/wp-content\/uploads\/2022\/11\/prijevoz-pokojnika-iz-Njemacka-12x12.jpg 12w\" sizes=\"(max-width: 900px) 100vw, 900px\" \/><\/a><\/div>\t\t<\/div>\r\n\t\t\t<\/article>\r\n\t<article class=\"w-grid-item size_1x1 post-772 attachment type-attachment status-inherit hentry\" data-id=\"772\">\r\n\t\t<div class=\"w-grid-item-h\">\r\n\t\t\t\t\t\t\t<a ref=\"magnificPopupGrid\" href=\"https:\/\/www.pogrebno-hrvojka.hr\/wp-content\/uploads\/2022\/11\/prijevoz-pokojnika-iz-Njemacke.jpg\" class=\"w-grid-item-anchor\" aria-label=\"prijevoz pokojnika iz Njema\u010dke\" title=\"prijevoz pokojnika iz Njema\u010dke\"><\/a>\r\n\t\t\t\t\t\t<div class=\"w-post-elm post_image usg_post_image_1 stretched\"><a href=\"https:\/\/www.pogrebno-hrvojka.hr\/de\/medunarodni-prijevoz-pokojnika-iz-europe-u-hrvatsku\/prijevoz-pokojnika-iz-njemacke\/\" aria-label=\"prijevoz pokojnika iz Njema\u010dke\"><img decoding=\"async\" width=\"900\" height=\"900\" src=\"https:\/\/www.pogrebno-hrvojka.hr\/wp-content\/uploads\/2022\/11\/prijevoz-pokojnika-iz-Njemacke.jpg\" class=\"attachment-large size-large\" alt=\"\" srcset=\"https:\/\/www.pogrebno-hrvojka.hr\/wp-content\/uploads\/2022\/11\/prijevoz-pokojnika-iz-Njemacke.jpg 900w, https:\/\/www.pogrebno-hrvojka.hr\/wp-content\/uploads\/2022\/11\/prijevoz-pokojnika-iz-Njemacke-300x300.jpg 300w, https:\/\/www.pogrebno-hrvojka.hr\/wp-content\/uploads\/2022\/11\/prijevoz-pokojnika-iz-Njemacke-150x150.jpg 150w, https:\/\/www.pogrebno-hrvojka.hr\/wp-content\/uploads\/2022\/11\/prijevoz-pokojnika-iz-Njemacke-12x12.jpg 12w\" sizes=\"(max-width: 900px) 100vw, 900px\" \/><\/a><\/div>\t\t<\/div>\r\n\t\t\t<\/article>\r\n\t<article class=\"w-grid-item size_1x1 post-775 attachment type-attachment status-inherit hentry\" data-id=\"775\">\r\n\t\t<div class=\"w-grid-item-h\">\r\n\t\t\t\t\t\t\t<a ref=\"magnificPopupGrid\" href=\"https:\/\/www.pogrebno-hrvojka.hr\/wp-content\/uploads\/2022\/11\/prijevoz-pokojnika-iz-Svedske.jpg\" class=\"w-grid-item-anchor\" aria-label=\"prijevoz pokojnika iz \u0160vedske\" title=\"prijevoz pokojnika iz \u0160vedske\"><\/a>\r\n\t\t\t\t\t\t<div class=\"w-post-elm post_image usg_post_image_1 stretched\"><a href=\"https:\/\/www.pogrebno-hrvojka.hr\/de\/medunarodni-prijevoz-pokojnika-iz-europe-u-hrvatsku\/prijevoz-pokojnika-iz-svedske\/\" aria-label=\"prijevoz pokojnika iz \u0160vedske\"><img decoding=\"async\" width=\"900\" height=\"900\" src=\"https:\/\/www.pogrebno-hrvojka.hr\/wp-content\/uploads\/2022\/11\/prijevoz-pokojnika-iz-Svedske.jpg\" class=\"attachment-large size-large\" alt=\"\" srcset=\"https:\/\/www.pogrebno-hrvojka.hr\/wp-content\/uploads\/2022\/11\/prijevoz-pokojnika-iz-Svedske.jpg 900w, https:\/\/www.pogrebno-hrvojka.hr\/wp-content\/uploads\/2022\/11\/prijevoz-pokojnika-iz-Svedske-300x300.jpg 300w, https:\/\/www.pogrebno-hrvojka.hr\/wp-content\/uploads\/2022\/11\/prijevoz-pokojnika-iz-Svedske-150x150.jpg 150w, https:\/\/www.pogrebno-hrvojka.hr\/wp-content\/uploads\/2022\/11\/prijevoz-pokojnika-iz-Svedske-12x12.jpg 12w\" sizes=\"(max-width: 900px) 100vw, 900px\" \/><\/a><\/div>\t\t<\/div>\r\n\t\t\t<\/article>\r\n\t<article class=\"w-grid-item size_1x1 post-769 attachment type-attachment status-inherit hentry\" data-id=\"769\">\r\n\t\t<div class=\"w-grid-item-h\">\r\n\t\t\t\t\t\t\t<a ref=\"magnificPopupGrid\" href=\"https:\/\/www.pogrebno-hrvojka.hr\/wp-content\/uploads\/2022\/11\/prijevoz-pokojnika-iz-Londona.jpg\" class=\"w-grid-item-anchor\" aria-label=\"prijevoz pokojnika iz Londona\" title=\"prijevoz pokojnika iz Londona\"><\/a>\r\n\t\t\t\t\t\t<div class=\"w-post-elm post_image usg_post_image_1 stretched\"><a href=\"https:\/\/www.pogrebno-hrvojka.hr\/de\/medunarodni-prijevoz-pokojnika-iz-europe-u-hrvatsku\/prijevoz-pokojnika-iz-londona\/\" aria-label=\"prijevoz pokojnika iz Londona\"><img decoding=\"async\" width=\"750\" height=\"891\" src=\"https:\/\/www.pogrebno-hrvojka.hr\/wp-content\/uploads\/2022\/11\/prijevoz-pokojnika-iz-Londona.jpg\" class=\"attachment-large size-large\" alt=\"\" srcset=\"https:\/\/www.pogrebno-hrvojka.hr\/wp-content\/uploads\/2022\/11\/prijevoz-pokojnika-iz-Londona.jpg 750w, https:\/\/www.pogrebno-hrvojka.hr\/wp-content\/uploads\/2022\/11\/prijevoz-pokojnika-iz-Londona-253x300.jpg 253w, https:\/\/www.pogrebno-hrvojka.hr\/wp-content\/uploads\/2022\/11\/prijevoz-pokojnika-iz-Londona-10x12.jpg 10w\" sizes=\"(max-width: 750px) 100vw, 750px\" \/><\/a><\/div>\t\t<\/div>\r\n\t\t\t<\/article>\r\n\t<article class=\"w-grid-item size_1x1 post-760 attachment type-attachment status-inherit hentry\" data-id=\"760\">\r\n\t\t<div class=\"w-grid-item-h\">\r\n\t\t\t\t\t\t\t<a ref=\"magnificPopupGrid\" href=\"https:\/\/www.pogrebno-hrvojka.hr\/wp-content\/uploads\/2022\/11\/prijevoz-pokojnika-Berlin.jpg\" class=\"w-grid-item-anchor\" aria-label=\"prijevoz pokojnika Berlin\" title=\"prijevoz pokojnika Berlin\"><\/a>\r\n\t\t\t\t\t\t<div class=\"w-post-elm post_image usg_post_image_1 stretched\"><a href=\"https:\/\/www.pogrebno-hrvojka.hr\/de\/medunarodni-prijevoz-pokojnika-iz-europe-u-hrvatsku\/prijevoz-pokojnika-berlin\/\" aria-label=\"prijevoz pokojnika Berlin\"><img decoding=\"async\" width=\"900\" height=\"675\" src=\"https:\/\/www.pogrebno-hrvojka.hr\/wp-content\/uploads\/2022\/11\/prijevoz-pokojnika-Berlin.jpg\" class=\"attachment-large size-large\" alt=\"\" srcset=\"https:\/\/www.pogrebno-hrvojka.hr\/wp-content\/uploads\/2022\/11\/prijevoz-pokojnika-Berlin.jpg 900w, https:\/\/www.pogrebno-hrvojka.hr\/wp-content\/uploads\/2022\/11\/prijevoz-pokojnika-Berlin-300x225.jpg 300w, https:\/\/www.pogrebno-hrvojka.hr\/wp-content\/uploads\/2022\/11\/prijevoz-pokojnika-Berlin-16x12.jpg 16w\" sizes=\"(max-width: 900px) 100vw, 900px\" \/><\/a><\/div>\t\t<\/div>\r\n\t\t\t<\/article>\r\n\t<article class=\"w-grid-item size_1x1 post-747 attachment type-attachment status-inherit hentry\" data-id=\"747\">\r\n\t\t<div class=\"w-grid-item-h\">\r\n\t\t\t\t\t\t\t<a ref=\"magnificPopupGrid\" href=\"https:\/\/www.pogrebno-hrvojka.hr\/wp-content\/uploads\/2022\/11\/prijevoz-pokojnika-Srbija.jpg\" class=\"w-grid-item-anchor\" aria-label=\"prijevoz pokojnika Srbija\" title=\"prijevoz pokojnika Srbija\"><\/a>\r\n\t\t\t\t\t\t<div class=\"w-post-elm post_image usg_post_image_1 stretched\"><a href=\"https:\/\/www.pogrebno-hrvojka.hr\/de\/medunarodni-prijevoz-pokojnika-iz-europe-u-hrvatsku\/prijevoz-pokojnika-srbija\/\" aria-label=\"prijevoz pokojnika Srbija\"><img decoding=\"async\" width=\"900\" height=\"673\" src=\"https:\/\/www.pogrebno-hrvojka.hr\/wp-content\/uploads\/2022\/11\/prijevoz-pokojnika-Srbija.jpg\" class=\"attachment-large size-large\" alt=\"\" srcset=\"https:\/\/www.pogrebno-hrvojka.hr\/wp-content\/uploads\/2022\/11\/prijevoz-pokojnika-Srbija.jpg 900w, https:\/\/www.pogrebno-hrvojka.hr\/wp-content\/uploads\/2022\/11\/prijevoz-pokojnika-Srbija-300x224.jpg 300w, https:\/\/www.pogrebno-hrvojka.hr\/wp-content\/uploads\/2022\/11\/prijevoz-pokojnika-Srbija-16x12.jpg 16w\" sizes=\"(max-width: 900px) 100vw, 900px\" \/><\/a><\/div>\t\t<\/div>\r\n\t\t\t<\/article>\r\n\t<article class=\"w-grid-item size_1x1 post-751 attachment type-attachment status-inherit hentry\" data-id=\"751\">\r\n\t\t<div class=\"w-grid-item-h\">\r\n\t\t\t\t\t\t\t<a ref=\"magnificPopupGrid\" href=\"https:\/\/www.pogrebno-hrvojka.hr\/wp-content\/uploads\/2022\/11\/prijevoz-pokojnika-Wien.jpg\" class=\"w-grid-item-anchor\" aria-label=\"prijevoz pokojnika Wien\" title=\"prijevoz pokojnika Wien\"><\/a>\r\n\t\t\t\t\t\t<div class=\"w-post-elm post_image usg_post_image_1 stretched\"><a href=\"https:\/\/www.pogrebno-hrvojka.hr\/de\/medunarodni-prijevoz-pokojnika-iz-europe-u-hrvatsku\/prijevoz-pokojnika-wien\/\" aria-label=\"prijevoz pokojnika Wien\"><img decoding=\"async\" width=\"600\" height=\"800\" src=\"https:\/\/www.pogrebno-hrvojka.hr\/wp-content\/uploads\/2022\/11\/prijevoz-pokojnika-Wien.jpg\" class=\"attachment-large size-large\" alt=\"\" srcset=\"https:\/\/www.pogrebno-hrvojka.hr\/wp-content\/uploads\/2022\/11\/prijevoz-pokojnika-Wien.jpg 600w, https:\/\/www.pogrebno-hrvojka.hr\/wp-content\/uploads\/2022\/11\/prijevoz-pokojnika-Wien-225x300.jpg 225w, https:\/\/www.pogrebno-hrvojka.hr\/wp-content\/uploads\/2022\/11\/prijevoz-pokojnika-Wien-9x12.jpg 9w\" sizes=\"(max-width: 600px) 100vw, 600px\" \/><\/a><\/div>\t\t<\/div>\r\n\t\t\t<\/article>\r\n<\/div><div class=\"w-grid-preloader\">\t<div class=\"g-preloader type_1\">\r\n\t\t<div><\/div>\r\n\t<\/div>\r\n\t<\/div>\t<div class=\"w-grid-json hidden\" onclick='return {&quot;action&quot;:&quot;us_ajax_grid&quot;,&quot;infinite_scroll&quot;:0,&quot;max_num_pages&quot;:1,&quot;pagination&quot;:&quot;none&quot;,&quot;template_vars&quot;:{&quot;columns&quot;:&quot;4&quot;,&quot;exclude_items&quot;:&quot;none&quot;,&quot;img_size&quot;:&quot;default&quot;,&quot;ignore_items_size&quot;:0,&quot;items_layout&quot;:&quot;160&quot;,&quot;items_offset&quot;:&quot;1&quot;,&quot;load_animation&quot;:&quot;none&quot;,&quot;overriding_link&quot;:&quot;%7B%22type%22%3A%22popup_image%22%7D&quot;,&quot;post_id&quot;:0,&quot;query_args&quot;:{&quot;post_type&quot;:[&quot;attachment&quot;],&quot;post__in&quot;:[&quot;739&quot;,&quot;740&quot;,&quot;741&quot;,&quot;742&quot;,&quot;743&quot;,&quot;744&quot;,&quot;745&quot;,&quot;746&quot;,&quot;747&quot;,&quot;748&quot;,&quot;749&quot;,&quot;750&quot;,&quot;751&quot;,&quot;752&quot;,&quot;754&quot;,&quot;756&quot;,&quot;757&quot;,&quot;758&quot;,&quot;759&quot;,&quot;760&quot;,&quot;761&quot;,&quot;762&quot;,&quot;763&quot;,&quot;764&quot;,&quot;765&quot;,&quot;766&quot;,&quot;767&quot;,&quot;768&quot;,&quot;769&quot;,&quot;770&quot;,&quot;771&quot;,&quot;772&quot;,&quot;773&quot;,&quot;774&quot;,&quot;775&quot;,&quot;738&quot;,&quot;737&quot;,&quot;1330&quot;],&quot;post_status&quot;:&quot;inherit&quot;,&quot;post_mime_type&quot;:&quot;image&quot;,&quot;posts_per_page&quot;:&quot;50&quot;},&quot;orderby_query_args&quot;:{&quot;orderby&quot;:&quot;RAND(1199450404)&quot;},&quot;type&quot;:&quot;grid&quot;,&quot;us_grid_post_type&quot;:&quot;attachment&quot;,&quot;us_grid_ajax_index&quot;:1,&quot;us_grid_filter_params&quot;:[],&quot;us_grid_index&quot;:1,&quot;page_args&quot;:[]}}'><\/div>\r\n\t<\/div><\/div><\/div><\/div><\/div><\/div><\/section>\n","protected":false},"excerpt":{"rendered":"","protected":false},"author":1,"featured_media":0,"parent":0,"menu_order":0,"comment_status":"closed","ping_status":"closed","template":"","meta":{"footnotes":""},"class_list":["post-139","page","type-page","status-publish","hentry"],"yoast_head":"<!-- This site is optimized with the Yoast SEO Premium plugin v20.12 (Yoast SEO v27.5) - https:\/\/yoast.com\/product\/yoast-seo-premium-wordpress\/ -->\n<title>Me\u0111unarodni prijevoz pokojnika - Pogrebno Hrvojka<\/title>\n<meta name=\"robots\" content=\"index, follow, max-snippet:-1, max-image-preview:large, max-video-preview:-1\" \/>\n<link rel=\"canonical\" href=\"https:\/\/www.pogrebno-hrvojka.hr\/de\/medunarodni-prijevoz-pokojnika-iz-europe-u-hrvatsku\/\" \/>\n<meta property=\"og:locale\" content=\"de_DE\" \/>\n<meta property=\"og:type\" content=\"article\" \/>\n<meta property=\"og:title\" content=\"Me\u0111unarodni prijevoz pokojnika\" \/>\n<meta property=\"og:url\" content=\"https:\/\/www.pogrebno-hrvojka.hr\/de\/medunarodni-prijevoz-pokojnika-iz-europe-u-hrvatsku\/\" \/>\n<meta property=\"og:site_name\" content=\"Pogrebno Hrvojka\" \/>\n<meta property=\"article:publisher\" content=\"https:\/\/www.facebook.com\/cvjecarnicaHrvojkaTrogir\/\" \/>\n<meta property=\"article:modified_time\" content=\"2023-01-03T10:45:05+00:00\" \/>\n<meta property=\"og:image\" content=\"https:\/\/pogrebno-hrvojka.hr\/wp-content\/uploads\/2022\/11\/avion-1.png\" \/>\n<meta name=\"twitter:card\" content=\"summary_large_image\" \/>\n<meta name=\"twitter:label1\" content=\"Gesch\u00e4tzte Lesezeit\" \/>\n\t<meta name=\"twitter:data1\" content=\"2\u00a0Minuten\" \/>\n<script type=\"application\/ld+json\" class=\"yoast-schema-graph\">{\"@context\":\"https:\\\/\\\/schema.org\",\"@graph\":[{\"@type\":\"WebPage\",\"@id\":\"https:\\\/\\\/www.pogrebno-hrvojka.hr\\\/medunarodni-prijevoz-pokojnika-iz-europe-u-hrvatsku\\\/\",\"url\":\"https:\\\/\\\/www.pogrebno-hrvojka.hr\\\/medunarodni-prijevoz-pokojnika-iz-europe-u-hrvatsku\\\/\",\"name\":\"Me\u0111unarodni prijevoz pokojnika - Pogrebno Hrvojka\",\"isPartOf\":{\"@id\":\"https:\\\/\\\/www.pogrebno-hrvojka.hr\\\/#website\"},\"primaryImageOfPage\":{\"@id\":\"https:\\\/\\\/www.pogrebno-hrvojka.hr\\\/medunarodni-prijevoz-pokojnika-iz-europe-u-hrvatsku\\\/#primaryimage\"},\"image\":{\"@id\":\"https:\\\/\\\/www.pogrebno-hrvojka.hr\\\/medunarodni-prijevoz-pokojnika-iz-europe-u-hrvatsku\\\/#primaryimage\"},\"thumbnailUrl\":\"https:\\\/\\\/pogrebno-hrvojka.hr\\\/wp-content\\\/uploads\\\/2022\\\/11\\\/avion-1.png\",\"datePublished\":\"2022-09-19T15:38:05+00:00\",\"dateModified\":\"2023-01-03T10:45:05+00:00\",\"breadcrumb\":{\"@id\":\"https:\\\/\\\/www.pogrebno-hrvojka.hr\\\/medunarodni-prijevoz-pokojnika-iz-europe-u-hrvatsku\\\/#breadcrumb\"},\"inLanguage\":\"de\",\"potentialAction\":[{\"@type\":\"ReadAction\",\"target\":[\"https:\\\/\\\/www.pogrebno-hrvojka.hr\\\/medunarodni-prijevoz-pokojnika-iz-europe-u-hrvatsku\\\/\"]}]},{\"@type\":\"ImageObject\",\"inLanguage\":\"de\",\"@id\":\"https:\\\/\\\/www.pogrebno-hrvojka.hr\\\/medunarodni-prijevoz-pokojnika-iz-europe-u-hrvatsku\\\/#primaryimage\",\"url\":\"https:\\\/\\\/pogrebno-hrvojka.hr\\\/wp-content\\\/uploads\\\/2022\\\/11\\\/avion-1.png\",\"contentUrl\":\"https:\\\/\\\/pogrebno-hrvojka.hr\\\/wp-content\\\/uploads\\\/2022\\\/11\\\/avion-1.png\"},{\"@type\":\"BreadcrumbList\",\"@id\":\"https:\\\/\\\/www.pogrebno-hrvojka.hr\\\/medunarodni-prijevoz-pokojnika-iz-europe-u-hrvatsku\\\/#breadcrumb\",\"itemListElement\":[{\"@type\":\"ListItem\",\"position\":1,\"name\":\"Po\u010detna stranica\",\"item\":\"https:\\\/\\\/www.pogrebno-hrvojka.hr\\\/\"},{\"@type\":\"ListItem\",\"position\":2,\"name\":\"Me\u0111unarodni prijevoz pokojnika\"}]},{\"@type\":\"WebSite\",\"@id\":\"https:\\\/\\\/www.pogrebno-hrvojka.hr\\\/#website\",\"url\":\"https:\\\/\\\/www.pogrebno-hrvojka.hr\\\/\",\"name\":\"Pogrebno Hrvojka\",\"description\":\"Pogrebno poduze\u0107e i cvje\u0107arnica Hrvojka\",\"publisher\":{\"@id\":\"https:\\\/\\\/www.pogrebno-hrvojka.hr\\\/#organization\"},\"potentialAction\":[{\"@type\":\"SearchAction\",\"target\":{\"@type\":\"EntryPoint\",\"urlTemplate\":\"https:\\\/\\\/www.pogrebno-hrvojka.hr\\\/?s={search_term_string}\"},\"query-input\":{\"@type\":\"PropertyValueSpecification\",\"valueRequired\":true,\"valueName\":\"search_term_string\"}}],\"inLanguage\":\"de\"},{\"@type\":\"Organization\",\"@id\":\"https:\\\/\\\/www.pogrebno-hrvojka.hr\\\/#organization\",\"name\":\"Pogrebno Hrvojka\",\"url\":\"https:\\\/\\\/www.pogrebno-hrvojka.hr\\\/\",\"logo\":{\"@type\":\"ImageObject\",\"inLanguage\":\"de\",\"@id\":\"https:\\\/\\\/www.pogrebno-hrvojka.hr\\\/#\\\/schema\\\/logo\\\/image\\\/\",\"url\":\"https:\\\/\\\/www.pogrebno-hrvojka.hr\\\/wp-content\\\/uploads\\\/2022\\\/11\\\/logo.gif\",\"contentUrl\":\"https:\\\/\\\/www.pogrebno-hrvojka.hr\\\/wp-content\\\/uploads\\\/2022\\\/11\\\/logo.gif\",\"width\":276,\"height\":59,\"caption\":\"Pogrebno Hrvojka\"},\"image\":{\"@id\":\"https:\\\/\\\/www.pogrebno-hrvojka.hr\\\/#\\\/schema\\\/logo\\\/image\\\/\"},\"sameAs\":[\"https:\\\/\\\/www.facebook.com\\\/cvjecarnicaHrvojkaTrogir\\\/\",\"https:\\\/\\\/www.instagram.com\\\/cvjecarnica_pogrebno_hrvojka\\\/\",\"https:\\\/\\\/www.linkedin.com\\\/in\\\/tomislav-princivali-88a639170\\\/?originalSubdomain=hr\"]}]}<\/script>\n<!-- \/ Yoast SEO Premium plugin. -->","yoast_head_json":{"title":"Me\u0111unarodni prijevoz pokojnika - Pogrebno Hrvojka","robots":{"index":"index","follow":"follow","max-snippet":"max-snippet:-1","max-image-preview":"max-image-preview:large","max-video-preview":"max-video-preview:-1"},"canonical":"https:\/\/www.pogrebno-hrvojka.hr\/de\/medunarodni-prijevoz-pokojnika-iz-europe-u-hrvatsku\/","og_locale":"de_DE","og_type":"article","og_title":"Me\u0111unarodni prijevoz pokojnika","og_url":"https:\/\/www.pogrebno-hrvojka.hr\/de\/medunarodni-prijevoz-pokojnika-iz-europe-u-hrvatsku\/","og_site_name":"Pogrebno Hrvojka","article_publisher":"https:\/\/www.facebook.com\/cvjecarnicaHrvojkaTrogir\/","article_modified_time":"2023-01-03T10:45:05+00:00","og_image":[{"url":"https:\/\/pogrebno-hrvojka.hr\/wp-content\/uploads\/2022\/11\/avion-1.png","type":"","width":"","height":""}],"twitter_card":"summary_large_image","twitter_misc":{"Gesch\u00e4tzte Lesezeit":"2\u00a0Minuten"},"schema":{"@context":"https:\/\/schema.org","@graph":[{"@type":"WebPage","@id":"https:\/\/www.pogrebno-hrvojka.hr\/medunarodni-prijevoz-pokojnika-iz-europe-u-hrvatsku\/","url":"https:\/\/www.pogrebno-hrvojka.hr\/medunarodni-prijevoz-pokojnika-iz-europe-u-hrvatsku\/","name":"Me\u0111unarodni prijevoz pokojnika - Pogrebno Hrvojka","isPartOf":{"@id":"https:\/\/www.pogrebno-hrvojka.hr\/#website"},"primaryImageOfPage":{"@id":"https:\/\/www.pogrebno-hrvojka.hr\/medunarodni-prijevoz-pokojnika-iz-europe-u-hrvatsku\/#primaryimage"},"image":{"@id":"https:\/\/www.pogrebno-hrvojka.hr\/medunarodni-prijevoz-pokojnika-iz-europe-u-hrvatsku\/#primaryimage"},"thumbnailUrl":"https:\/\/pogrebno-hrvojka.hr\/wp-content\/uploads\/2022\/11\/avion-1.png","datePublished":"2022-09-19T15:38:05+00:00","dateModified":"2023-01-03T10:45:05+00:00","breadcrumb":{"@id":"https:\/\/www.pogrebno-hrvojka.hr\/medunarodni-prijevoz-pokojnika-iz-europe-u-hrvatsku\/#breadcrumb"},"inLanguage":"de","potentialAction":[{"@type":"ReadAction","target":["https:\/\/www.pogrebno-hrvojka.hr\/medunarodni-prijevoz-pokojnika-iz-europe-u-hrvatsku\/"]}]},{"@type":"ImageObject","inLanguage":"de","@id":"https:\/\/www.pogrebno-hrvojka.hr\/medunarodni-prijevoz-pokojnika-iz-europe-u-hrvatsku\/#primaryimage","url":"https:\/\/pogrebno-hrvojka.hr\/wp-content\/uploads\/2022\/11\/avion-1.png","contentUrl":"https:\/\/pogrebno-hrvojka.hr\/wp-content\/uploads\/2022\/11\/avion-1.png"},{"@type":"BreadcrumbList","@id":"https:\/\/www.pogrebno-hrvojka.hr\/medunarodni-prijevoz-pokojnika-iz-europe-u-hrvatsku\/#breadcrumb","itemListElement":[{"@type":"ListItem","position":1,"name":"Po\u010detna stranica","item":"https:\/\/www.pogrebno-hrvojka.hr\/"},{"@type":"ListItem","position":2,"name":"Me\u0111unarodni prijevoz pokojnika"}]},{"@type":"WebSite","@id":"https:\/\/www.pogrebno-hrvojka.hr\/#website","url":"https:\/\/www.pogrebno-hrvojka.hr\/","name":"Pogrebno Hrvojka","description":"Pogrebno poduze\u0107e i cvje\u0107arnica Hrvojka","publisher":{"@id":"https:\/\/www.pogrebno-hrvojka.hr\/#organization"},"potentialAction":[{"@type":"SearchAction","target":{"@type":"EntryPoint","urlTemplate":"https:\/\/www.pogrebno-hrvojka.hr\/?s={search_term_string}"},"query-input":{"@type":"PropertyValueSpecification","valueRequired":true,"valueName":"search_term_string"}}],"inLanguage":"de"},{"@type":"Organization","@id":"https:\/\/www.pogrebno-hrvojka.hr\/#organization","name":"Pogrebno Hrvojka","url":"https:\/\/www.pogrebno-hrvojka.hr\/","logo":{"@type":"ImageObject","inLanguage":"de","@id":"https:\/\/www.pogrebno-hrvojka.hr\/#\/schema\/logo\/image\/","url":"https:\/\/www.pogrebno-hrvojka.hr\/wp-content\/uploads\/2022\/11\/logo.gif","contentUrl":"https:\/\/www.pogrebno-hrvojka.hr\/wp-content\/uploads\/2022\/11\/logo.gif","width":276,"height":59,"caption":"Pogrebno Hrvojka"},"image":{"@id":"https:\/\/www.pogrebno-hrvojka.hr\/#\/schema\/logo\/image\/"},"sameAs":["https:\/\/www.facebook.com\/cvjecarnicaHrvojkaTrogir\/","https:\/\/www.instagram.com\/cvjecarnica_pogrebno_hrvojka\/","https:\/\/www.linkedin.com\/in\/tomislav-princivali-88a639170\/?originalSubdomain=hr"]}]}},"_links":{"self":[{"href":"https:\/\/www.pogrebno-hrvojka.hr\/de\/wp-json\/wp\/v2\/pages\/139","targetHints":{"allow":["GET"]}}],"collection":[{"href":"https:\/\/www.pogrebno-hrvojka.hr\/de\/wp-json\/wp\/v2\/pages"}],"about":[{"href":"https:\/\/www.pogrebno-hrvojka.hr\/de\/wp-json\/wp\/v2\/types\/page"}],"author":[{"embeddable":true,"href":"https:\/\/www.pogrebno-hrvojka.hr\/de\/wp-json\/wp\/v2\/users\/1"}],"replies":[{"embeddable":true,"href":"https:\/\/www.pogrebno-hrvojka.hr\/de\/wp-json\/wp\/v2\/comments?post=139"}],"version-history":[{"count":0,"href":"https:\/\/www.pogrebno-hrvojka.hr\/de\/wp-json\/wp\/v2\/pages\/139\/revisions"}],"wp:attachment":[{"href":"https:\/\/www.pogrebno-hrvojka.hr\/de\/wp-json\/wp\/v2\/media?parent=139"}],"curies":[{"name":"wp","href":"https:\/\/api.w.org\/{rel}","templated":true}]}}