{"id":814,"date":"2022-11-21T08:49:27","date_gmt":"2022-11-21T07:49:27","guid":{"rendered":"https:\/\/pogrebno-hrvojka.hr\/?page_id=814"},"modified":"2025-01-28T12:33:29","modified_gmt":"2025-01-28T11:33:29","slug":"pogrebna-oprema-i-lijesovi","status":"publish","type":"page","link":"https:\/\/www.pogrebno-hrvojka.hr\/en\/pogrebna-oprema-i-lijesovi\/","title":{"rendered":"Funeral equipment and coffins"},"content":{"rendered":"<section class=\"l-section wpb_row height_medium\"><div class=\"l-section-h i-cf\"><div class=\"g-cols vc_row via_flex valign_bottom type_default stacking_default\"><div class=\"vc_col-sm-8 wpb_column vc_column_container\"><div class=\"vc_column-inner\"><div class=\"wpb_wrapper\"><div class=\"g-cols wpb_row via_flex valign_middle type_default stacking_default\"><div class=\"vc_col-sm-3 wpb_column vc_column_container\"><div class=\"vc_column-inner us_custom_f70d789f us_animate_this\"><div class=\"wpb_wrapper\"><div class=\"wpb_text_column\"><div class=\"wpb_wrapper\"><p><img decoding=\"async\" class=\"aligncenter wp-image-967 size-full\" src=\"https:\/\/pogrebno-hrvojka.hr\/wp-content\/uploads\/2022\/11\/pogrebna-op.png\" alt=\"\" width=\"156\" height=\"74\" srcset=\"https:\/\/www.pogrebno-hrvojka.hr\/wp-content\/uploads\/2022\/11\/pogrebna-op.png 156w, https:\/\/www.pogrebno-hrvojka.hr\/wp-content\/uploads\/2022\/11\/pogrebna-op-18x9.png 18w\" sizes=\"(max-width: 156px) 100vw, 156px\" \/><\/p>\n<\/div><\/div><\/div><\/div><\/div><div class=\"vc_col-sm-9 wpb_column vc_column_container\"><div class=\"vc_column-inner us_custom_f70d789f us_animate_this\"><div class=\"wpb_wrapper\"><div class=\"wpb_text_column us_custom_b590f348\"><div class=\"wpb_wrapper\"><h2><span style=\"color: #69659e;\">Pogrebna oprema i lijesovi<\/span><\/h2>\n<\/div><\/div><\/div><\/div><\/div><\/div><div class=\"w-separator size_small\"><\/div><div class=\"wpb_text_column us_custom_de366d1c us_animate_this\"><div class=\"wpb_wrapper\"><p>U ponudi imamo veliki izbor lijesova kvalitetne izrade cijenom prilago\u0111enih svim plate\u017enim mogu\u0107nostima na\u0161ih klijenata. Cijene se kre\u0107u od 200,00 \u20ac do 1000,00 \u20ac, a za sve na\u0161e usluge je mogu\u0107e dogovoriti povoljne uvjete pla\u0107anja.<\/p>\n<\/div><\/div><\/div><\/div><\/div><div class=\"vc_col-sm-4 wpb_column vc_column_container\"><div class=\"vc_column-inner\"><div class=\"wpb_wrapper\"><div class=\"w-image style_shadow-2 align_none\"><a ref=\"magnificPopup\" href=\"https:\/\/www.pogrebno-hrvojka.hr\/wp-content\/uploads\/2022\/11\/Americki-sarkofag.jpg\" aria-label=\"Ameri\u010dki sarkofag\" class=\"w-image-h\"><div class=\"w-image-shadow\" style=\"background-image:url(https:\/\/www.pogrebno-hrvojka.hr\/wp-content\/uploads\/2022\/11\/Americki-sarkofag.jpg);\"><\/div><img decoding=\"async\" width=\"900\" height=\"675\" src=\"https:\/\/www.pogrebno-hrvojka.hr\/wp-content\/uploads\/2022\/11\/Americki-sarkofag.jpg\" class=\"attachment-large size-large\" alt=\"\" loading=\"lazy\" srcset=\"https:\/\/www.pogrebno-hrvojka.hr\/wp-content\/uploads\/2022\/11\/Americki-sarkofag.jpg 900w, https:\/\/www.pogrebno-hrvojka.hr\/wp-content\/uploads\/2022\/11\/Americki-sarkofag-300x225.jpg 300w, https:\/\/www.pogrebno-hrvojka.hr\/wp-content\/uploads\/2022\/11\/Americki-sarkofag-16x12.jpg 16w\" sizes=\"auto, (max-width: 900px) 100vw, 900px\" \/><\/a><\/div><\/div><\/div><\/div><\/div><\/div><\/section><section class=\"l-section wpb_row height_medium\"><div class=\"l-section-h i-cf\"><div class=\"g-cols vc_row via_flex valign_bottom type_default stacking_default\"><div class=\"vc_col-sm-12 wpb_column vc_column_container\"><div class=\"vc_column-inner\"><div class=\"wpb_wrapper\"><div class=\"g-cols wpb_row via_flex valign_middle type_default stacking_default\"><div class=\"vc_col-sm-12 wpb_column vc_column_container\"><div class=\"vc_column-inner us_custom_f70d789f us_animate_this\"><div class=\"wpb_wrapper\"><div class=\"wpb_text_column us_custom_b590f348\"><div class=\"wpb_wrapper\"><h5>Modeli lijesova<\/h5>\n<\/div><\/div><\/div><\/div><\/div><\/div><div class=\"w-grid type_grid layout_160 cols_4 ratio_16x9\" id=\"us_grid_1\" style=\"--gap:0.5rem;\" data-filterable=\"true\"><style>@media (max-width:1280px){#us_grid_1 .w-grid-item{width:33.3333%}#us_grid_1 .w-grid-item.size_2x1,#us_grid_1 .w-grid-item.size_2x2{width:66.6667%}}@media (max-width:1240px){#us_grid_1 .w-grid-item{width:50%}#us_grid_1 .w-grid-item.size_2x1,#us_grid_1 .w-grid-item.size_2x2{width:100%}}@media (max-width:768px){#us_grid_1 .w-grid-list{margin:0}#us_grid_1 .w-grid-item{width:100%;padding:0;margin-bottom:var(--gap,0px)}}#us_grid_1 .w-grid-item-h:before{padding-bottom:56.25%}.layout_160 .w-grid-item-h:before{padding-bottom:66.6667%}@media (min-width:769px){.layout_160 .w-grid-item.size_1x2 .w-grid-item-h:before{padding-bottom:calc(133.3333% + var(--gap,0px) * 2)}.layout_160 .w-grid-item.size_2x1 .w-grid-item-h:before{padding-bottom:calc(33.3333% - var(--gap,0px) * 0.6667)}.layout_160 .w-grid-item.size_2x2 .w-grid-item-h:before{padding-bottom:calc(66.6667% - var(--gap,0px) * -0.6666)}}.layout_160 .w-grid-item-h{background:var(--color-content-bg);color:var(--color-content-text)}.layout_160 .usg_post_image_1{transition-duration:0.4s;transform-origin:50% 50%;transform:scale(1) translate(-1%,-1%)}.layout_160 .w-grid-item-h:hover .usg_post_image_1{transform:scale(1) translate(0%,0%);opacity:1}.layout_160 .usg_post_image_1{position:absolute!important;left:0!important;top:0!important;bottom:0!important;right:0!important}<\/style><div class=\"w-grid-list\">\t<article class=\"w-grid-item size_1x1 post-1578 attachment type-attachment status-inherit hentry\" data-id=\"1578\">\r\n\t\t<div class=\"w-grid-item-h\">\r\n\t\t\t\t\t\t\t<a ref=\"magnificPopupGrid\" href=\"https:\/\/www.pogrebno-hrvojka.hr\/wp-content\/uploads\/2025\/01\/1-standard-bordura.webp\" class=\"w-grid-item-anchor\" aria-label=\"1 standard bordura\" title=\"1 standard bordura\"><\/a>\r\n\t\t\t\t\t\t<div class=\"w-post-elm post_image usg_post_image_1 stretched\"><a href=\"https:\/\/www.pogrebno-hrvojka.hr\/en\/pogrebna-oprema-i-lijesovi\/1-standard-bordura\/\" aria-label=\"1 standard bordura\"><img decoding=\"async\" width=\"1024\" height=\"497\" src=\"https:\/\/www.pogrebno-hrvojka.hr\/wp-content\/uploads\/2025\/01\/1-standard-bordura-1024x497.webp\" class=\"attachment-large size-large\" alt=\"\" srcset=\"https:\/\/www.pogrebno-hrvojka.hr\/wp-content\/uploads\/2025\/01\/1-standard-bordura-1024x497.webp 1024w, https:\/\/www.pogrebno-hrvojka.hr\/wp-content\/uploads\/2025\/01\/1-standard-bordura-300x146.webp 300w, https:\/\/www.pogrebno-hrvojka.hr\/wp-content\/uploads\/2025\/01\/1-standard-bordura-18x9.webp 18w, https:\/\/www.pogrebno-hrvojka.hr\/wp-content\/uploads\/2025\/01\/1-standard-bordura.webp 1030w\" sizes=\"(max-width: 1024px) 100vw, 1024px\" \/><\/a><\/div>\t\t<\/div>\r\n\t\t\t<\/article>\r\n\t<article class=\"w-grid-item size_1x1 post-1579 attachment type-attachment status-inherit hentry\" data-id=\"1579\">\r\n\t\t<div class=\"w-grid-item-h\">\r\n\t\t\t\t\t\t\t<a ref=\"magnificPopupGrid\" href=\"https:\/\/www.pogrebno-hrvojka.hr\/wp-content\/uploads\/2025\/01\/2-standard-ruza.webp\" class=\"w-grid-item-anchor\" aria-label=\"2 standard ru\u017ea\" title=\"2 standard ru\u017ea\"><\/a>\r\n\t\t\t\t\t\t<div class=\"w-post-elm post_image usg_post_image_1 stretched\"><a href=\"https:\/\/www.pogrebno-hrvojka.hr\/en\/pogrebna-oprema-i-lijesovi\/2-standard-ruza\/\" aria-label=\"2 standard ru\u017ea\"><img decoding=\"async\" width=\"1024\" height=\"497\" src=\"https:\/\/www.pogrebno-hrvojka.hr\/wp-content\/uploads\/2025\/01\/2-standard-ruza-1024x497.webp\" class=\"attachment-large size-large\" alt=\"\" srcset=\"https:\/\/www.pogrebno-hrvojka.hr\/wp-content\/uploads\/2025\/01\/2-standard-ruza-1024x497.webp 1024w, https:\/\/www.pogrebno-hrvojka.hr\/wp-content\/uploads\/2025\/01\/2-standard-ruza-300x146.webp 300w, https:\/\/www.pogrebno-hrvojka.hr\/wp-content\/uploads\/2025\/01\/2-standard-ruza-18x9.webp 18w, https:\/\/www.pogrebno-hrvojka.hr\/wp-content\/uploads\/2025\/01\/2-standard-ruza.webp 1030w\" sizes=\"(max-width: 1024px) 100vw, 1024px\" \/><\/a><\/div>\t\t<\/div>\r\n\t\t\t<\/article>\r\n\t<article class=\"w-grid-item size_1x1 post-1580 attachment type-attachment status-inherit hentry\" data-id=\"1580\">\r\n\t\t<div class=\"w-grid-item-h\">\r\n\t\t\t\t\t\t\t<a ref=\"magnificPopupGrid\" href=\"https:\/\/www.pogrebno-hrvojka.hr\/wp-content\/uploads\/2025\/01\/3-standard-vecera.webp\" class=\"w-grid-item-anchor\" aria-label=\"3 standard ve\u010dera\" title=\"3 standard ve\u010dera\"><\/a>\r\n\t\t\t\t\t\t<div class=\"w-post-elm post_image usg_post_image_1 stretched\"><a href=\"https:\/\/www.pogrebno-hrvojka.hr\/en\/pogrebna-oprema-i-lijesovi\/3-standard-vecera\/\" aria-label=\"3 standard ve\u010dera\"><img decoding=\"async\" width=\"1024\" height=\"497\" src=\"https:\/\/www.pogrebno-hrvojka.hr\/wp-content\/uploads\/2025\/01\/3-standard-vecera-1024x497.webp\" class=\"attachment-large size-large\" alt=\"\" srcset=\"https:\/\/www.pogrebno-hrvojka.hr\/wp-content\/uploads\/2025\/01\/3-standard-vecera-1024x497.webp 1024w, https:\/\/www.pogrebno-hrvojka.hr\/wp-content\/uploads\/2025\/01\/3-standard-vecera-300x146.webp 300w, https:\/\/www.pogrebno-hrvojka.hr\/wp-content\/uploads\/2025\/01\/3-standard-vecera-18x9.webp 18w, https:\/\/www.pogrebno-hrvojka.hr\/wp-content\/uploads\/2025\/01\/3-standard-vecera.webp 1030w\" sizes=\"(max-width: 1024px) 100vw, 1024px\" \/><\/a><\/div>\t\t<\/div>\r\n\t\t\t<\/article>\r\n\t<article class=\"w-grid-item size_1x1 post-1581 attachment type-attachment status-inherit hentry\" data-id=\"1581\">\r\n\t\t<div class=\"w-grid-item-h\">\r\n\t\t\t\t\t\t\t<a ref=\"magnificPopupGrid\" href=\"https:\/\/www.pogrebno-hrvojka.hr\/wp-content\/uploads\/2025\/01\/4-sesterokut-kose-rucke.webp\" class=\"w-grid-item-anchor\" aria-label=\"4 \u0161esterokut kose ru\u010dke\" title=\"4 \u0161esterokut kose ru\u010dke\"><\/a>\r\n\t\t\t\t\t\t<div class=\"w-post-elm post_image usg_post_image_1 stretched\"><a href=\"https:\/\/www.pogrebno-hrvojka.hr\/en\/pogrebna-oprema-i-lijesovi\/4-sesterokut-kose-rucke\/\" aria-label=\"4 \u0161esterokut kose ru\u010dke\"><img decoding=\"async\" width=\"1024\" height=\"497\" src=\"https:\/\/www.pogrebno-hrvojka.hr\/wp-content\/uploads\/2025\/01\/4-sesterokut-kose-rucke-1024x497.webp\" class=\"attachment-large size-large\" alt=\"\" srcset=\"https:\/\/www.pogrebno-hrvojka.hr\/wp-content\/uploads\/2025\/01\/4-sesterokut-kose-rucke-1024x497.webp 1024w, https:\/\/www.pogrebno-hrvojka.hr\/wp-content\/uploads\/2025\/01\/4-sesterokut-kose-rucke-300x146.webp 300w, https:\/\/www.pogrebno-hrvojka.hr\/wp-content\/uploads\/2025\/01\/4-sesterokut-kose-rucke-18x9.webp 18w, https:\/\/www.pogrebno-hrvojka.hr\/wp-content\/uploads\/2025\/01\/4-sesterokut-kose-rucke.webp 1030w\" sizes=\"(max-width: 1024px) 100vw, 1024px\" \/><\/a><\/div>\t\t<\/div>\r\n\t\t\t<\/article>\r\n\t<article class=\"w-grid-item size_1x1 post-1582 attachment type-attachment status-inherit hentry\" data-id=\"1582\">\r\n\t\t<div class=\"w-grid-item-h\">\r\n\t\t\t\t\t\t\t<a ref=\"magnificPopupGrid\" href=\"https:\/\/www.pogrebno-hrvojka.hr\/wp-content\/uploads\/2025\/01\/5-sesterokut-ruza.webp\" class=\"w-grid-item-anchor\" aria-label=\"5 \u0161esterokut ru\u017ea\" title=\"5 \u0161esterokut ru\u017ea\"><\/a>\r\n\t\t\t\t\t\t<div class=\"w-post-elm post_image usg_post_image_1 stretched\"><a href=\"https:\/\/www.pogrebno-hrvojka.hr\/en\/pogrebna-oprema-i-lijesovi\/5-sesterokut-ruza\/\" aria-label=\"5 \u0161esterokut ru\u017ea\"><img decoding=\"async\" width=\"1024\" height=\"497\" src=\"https:\/\/www.pogrebno-hrvojka.hr\/wp-content\/uploads\/2025\/01\/5-sesterokut-ruza-1024x497.webp\" class=\"attachment-large size-large\" alt=\"\" srcset=\"https:\/\/www.pogrebno-hrvojka.hr\/wp-content\/uploads\/2025\/01\/5-sesterokut-ruza-1024x497.webp 1024w, https:\/\/www.pogrebno-hrvojka.hr\/wp-content\/uploads\/2025\/01\/5-sesterokut-ruza-300x146.webp 300w, https:\/\/www.pogrebno-hrvojka.hr\/wp-content\/uploads\/2025\/01\/5-sesterokut-ruza-18x9.webp 18w, https:\/\/www.pogrebno-hrvojka.hr\/wp-content\/uploads\/2025\/01\/5-sesterokut-ruza.webp 1030w\" sizes=\"(max-width: 1024px) 100vw, 1024px\" \/><\/a><\/div>\t\t<\/div>\r\n\t\t\t<\/article>\r\n\t<article class=\"w-grid-item size_1x1 post-1583 attachment type-attachment status-inherit hentry\" data-id=\"1583\">\r\n\t\t<div class=\"w-grid-item-h\">\r\n\t\t\t\t\t\t\t<a ref=\"magnificPopupGrid\" href=\"https:\/\/www.pogrebno-hrvojka.hr\/wp-content\/uploads\/2025\/01\/6-sarkofag-tamni.webp\" class=\"w-grid-item-anchor\" aria-label=\"6 sarkofag tamni\" title=\"6 sarkofag tamni\"><\/a>\r\n\t\t\t\t\t\t<div class=\"w-post-elm post_image usg_post_image_1 stretched\"><a href=\"https:\/\/www.pogrebno-hrvojka.hr\/en\/pogrebna-oprema-i-lijesovi\/6-sarkofag-tamni\/\" aria-label=\"6 sarkofag tamni\"><img decoding=\"async\" width=\"1024\" height=\"497\" src=\"https:\/\/www.pogrebno-hrvojka.hr\/wp-content\/uploads\/2025\/01\/6-sarkofag-tamni-1024x497.webp\" class=\"attachment-large size-large\" alt=\"\" srcset=\"https:\/\/www.pogrebno-hrvojka.hr\/wp-content\/uploads\/2025\/01\/6-sarkofag-tamni-1024x497.webp 1024w, https:\/\/www.pogrebno-hrvojka.hr\/wp-content\/uploads\/2025\/01\/6-sarkofag-tamni-300x146.webp 300w, https:\/\/www.pogrebno-hrvojka.hr\/wp-content\/uploads\/2025\/01\/6-sarkofag-tamni-18x9.webp 18w, https:\/\/www.pogrebno-hrvojka.hr\/wp-content\/uploads\/2025\/01\/6-sarkofag-tamni.webp 1030w\" sizes=\"(max-width: 1024px) 100vw, 1024px\" \/><\/a><\/div>\t\t<\/div>\r\n\t\t\t<\/article>\r\n\t<article class=\"w-grid-item size_1x1 post-1584 attachment type-attachment status-inherit hentry\" data-id=\"1584\">\r\n\t\t<div class=\"w-grid-item-h\">\r\n\t\t\t\t\t\t\t<a ref=\"magnificPopupGrid\" href=\"https:\/\/www.pogrebno-hrvojka.hr\/wp-content\/uploads\/2025\/01\/7-sarkofag-vecera.webp\" class=\"w-grid-item-anchor\" aria-label=\"7 sarkofag ve\u010dera\" title=\"7 sarkofag ve\u010dera\"><\/a>\r\n\t\t\t\t\t\t<div class=\"w-post-elm post_image usg_post_image_1 stretched\"><a href=\"https:\/\/www.pogrebno-hrvojka.hr\/en\/pogrebna-oprema-i-lijesovi\/7-sarkofag-vecera\/\" aria-label=\"7 sarkofag ve\u010dera\"><img decoding=\"async\" width=\"1024\" height=\"497\" src=\"https:\/\/www.pogrebno-hrvojka.hr\/wp-content\/uploads\/2025\/01\/7-sarkofag-vecera-1024x497.webp\" class=\"attachment-large size-large\" alt=\"\" srcset=\"https:\/\/www.pogrebno-hrvojka.hr\/wp-content\/uploads\/2025\/01\/7-sarkofag-vecera-1024x497.webp 1024w, https:\/\/www.pogrebno-hrvojka.hr\/wp-content\/uploads\/2025\/01\/7-sarkofag-vecera-300x146.webp 300w, https:\/\/www.pogrebno-hrvojka.hr\/wp-content\/uploads\/2025\/01\/7-sarkofag-vecera-18x9.webp 18w, https:\/\/www.pogrebno-hrvojka.hr\/wp-content\/uploads\/2025\/01\/7-sarkofag-vecera.webp 1030w\" sizes=\"(max-width: 1024px) 100vw, 1024px\" \/><\/a><\/div>\t\t<\/div>\r\n\t\t\t<\/article>\r\n<\/div><div class=\"w-grid-preloader\">\t<div class=\"g-preloader type_1\">\r\n\t\t<div><\/div>\r\n\t<\/div>\r\n\t<\/div>\t<div class=\"w-grid-json hidden\" onclick='return {&quot;action&quot;:&quot;us_ajax_grid&quot;,&quot;infinite_scroll&quot;:0,&quot;max_num_pages&quot;:1,&quot;pagination&quot;:&quot;none&quot;,&quot;template_vars&quot;:{&quot;columns&quot;:&quot;4&quot;,&quot;exclude_items&quot;:&quot;none&quot;,&quot;img_size&quot;:&quot;default&quot;,&quot;ignore_items_size&quot;:0,&quot;items_layout&quot;:&quot;160&quot;,&quot;items_offset&quot;:&quot;1&quot;,&quot;load_animation&quot;:&quot;none&quot;,&quot;overriding_link&quot;:&quot;%7B%22type%22%3A%22popup_image%22%7D&quot;,&quot;post_id&quot;:0,&quot;query_args&quot;:{&quot;post_type&quot;:[&quot;attachment&quot;],&quot;post__in&quot;:[&quot;1584&quot;,&quot;1583&quot;,&quot;1582&quot;,&quot;1581&quot;,&quot;1580&quot;,&quot;1579&quot;,&quot;1578&quot;],&quot;post_status&quot;:&quot;inherit&quot;,&quot;post_mime_type&quot;:&quot;image&quot;,&quot;posts_per_page&quot;:&quot;30&quot;},&quot;orderby_query_args&quot;:{&quot;orderby&quot;:{&quot;date&quot;:&quot;ASC&quot;}},&quot;type&quot;:&quot;grid&quot;,&quot;us_grid_post_type&quot;:&quot;attachment&quot;,&quot;us_grid_ajax_index&quot;:1,&quot;us_grid_filter_params&quot;:[],&quot;us_grid_index&quot;:1,&quot;page_args&quot;:[]}}'><\/div>\r\n\t<\/div><\/div><\/div><\/div><\/div><\/div><\/section><section class=\"l-section wpb_row height_medium\"><div class=\"l-section-h i-cf\"><div class=\"g-cols vc_row via_flex valign_top type_default stacking_default\"><div class=\"vc_col-sm-12 wpb_column vc_column_container\"><div class=\"vc_column-inner\"><div class=\"wpb_wrapper\"><div class=\"wpb_text_column\"><div class=\"wpb_wrapper\"><h5>Galerija fotografija<\/h5>\n<\/div><\/div><div class=\"w-grid type_grid layout_160 cols_4 ratio_3x2\" id=\"us_grid_2\" style=\"--gap:0.5rem;\" data-filterable=\"true\"><style>@media (max-width:1280px){#us_grid_2 .w-grid-item{width:33.3333%}#us_grid_2 .w-grid-item.size_2x1,#us_grid_2 .w-grid-item.size_2x2{width:66.6667%}}@media (max-width:1240px){#us_grid_2 .w-grid-item{width:50%}#us_grid_2 .w-grid-item.size_2x1,#us_grid_2 .w-grid-item.size_2x2{width:100%}}@media (max-width:768px){#us_grid_2 .w-grid-list{margin:0}#us_grid_2 .w-grid-item{width:100%;padding:0;margin-bottom:var(--gap,0px)}}<\/style><div class=\"w-grid-list\">\t<article class=\"w-grid-item size_1x1 post-1122 attachment type-attachment status-inherit hentry\" data-id=\"1122\">\r\n\t\t<div class=\"w-grid-item-h\">\r\n\t\t\t\t\t\t\t<a ref=\"magnificPopupGrid\" href=\"https:\/\/www.pogrebno-hrvojka.hr\/wp-content\/uploads\/2022\/12\/vecera-lijes-Trogir.jpg\" class=\"w-grid-item-anchor\" aria-label=\"ve\u010dera lijes Trogir\" title=\"ve\u010dera lijes Trogir\"><\/a>\r\n\t\t\t\t\t\t<div class=\"w-post-elm post_image usg_post_image_1 stretched\"><a href=\"https:\/\/www.pogrebno-hrvojka.hr\/en\/pogrebna-oprema-i-lijesovi\/vecera-lijes-trogir\/\" aria-label=\"ve\u010dera lijes Trogir\"><img decoding=\"async\" width=\"900\" height=\"675\" src=\"https:\/\/www.pogrebno-hrvojka.hr\/wp-content\/uploads\/2022\/12\/vecera-lijes-Trogir.jpg\" class=\"attachment-large size-large\" alt=\"\" srcset=\"https:\/\/www.pogrebno-hrvojka.hr\/wp-content\/uploads\/2022\/12\/vecera-lijes-Trogir.jpg 900w, https:\/\/www.pogrebno-hrvojka.hr\/wp-content\/uploads\/2022\/12\/vecera-lijes-Trogir-300x225.jpg 300w, https:\/\/www.pogrebno-hrvojka.hr\/wp-content\/uploads\/2022\/12\/vecera-lijes-Trogir-16x12.jpg 16w\" sizes=\"(max-width: 900px) 100vw, 900px\" \/><\/a><\/div>\t\t<\/div>\r\n\t\t\t<\/article>\r\n\t<article class=\"w-grid-item size_1x1 post-1121 attachment type-attachment status-inherit hentry\" data-id=\"1121\">\r\n\t\t<div class=\"w-grid-item-h\">\r\n\t\t\t\t\t\t\t<a ref=\"magnificPopupGrid\" href=\"https:\/\/www.pogrebno-hrvojka.hr\/wp-content\/uploads\/2022\/12\/slatine-mrtvacnica.jpg\" class=\"w-grid-item-anchor\" aria-label=\"slatine mrtva\u010dnica\" title=\"slatine mrtva\u010dnica\"><\/a>\r\n\t\t\t\t\t\t<div class=\"w-post-elm post_image usg_post_image_1 stretched\"><a href=\"https:\/\/www.pogrebno-hrvojka.hr\/en\/pogrebna-oprema-i-lijesovi\/slatine-mrtvacnica\/\" aria-label=\"slatine mrtva\u010dnica\"><img decoding=\"async\" width=\"900\" height=\"675\" src=\"https:\/\/www.pogrebno-hrvojka.hr\/wp-content\/uploads\/2022\/12\/slatine-mrtvacnica.jpg\" class=\"attachment-large size-large\" alt=\"\" srcset=\"https:\/\/www.pogrebno-hrvojka.hr\/wp-content\/uploads\/2022\/12\/slatine-mrtvacnica.jpg 900w, https:\/\/www.pogrebno-hrvojka.hr\/wp-content\/uploads\/2022\/12\/slatine-mrtvacnica-300x225.jpg 300w, https:\/\/www.pogrebno-hrvojka.hr\/wp-content\/uploads\/2022\/12\/slatine-mrtvacnica-16x12.jpg 16w\" sizes=\"(max-width: 900px) 100vw, 900px\" \/><\/a><\/div>\t\t<\/div>\r\n\t\t\t<\/article>\r\n\t<article class=\"w-grid-item size_1x1 post-1120 attachment type-attachment status-inherit hentry\" data-id=\"1120\">\r\n\t\t<div class=\"w-grid-item-h\">\r\n\t\t\t\t\t\t\t<a ref=\"magnificPopupGrid\" href=\"https:\/\/www.pogrebno-hrvojka.hr\/wp-content\/uploads\/2022\/12\/sanduk-za-pogreb.jpg\" class=\"w-grid-item-anchor\" aria-label=\"sanduk za pogreb\" title=\"sanduk za pogreb\"><\/a>\r\n\t\t\t\t\t\t<div class=\"w-post-elm post_image usg_post_image_1 stretched\"><a href=\"https:\/\/www.pogrebno-hrvojka.hr\/en\/pogrebna-oprema-i-lijesovi\/sanduk-za-pogreb\/\" aria-label=\"sanduk za pogreb\"><img decoding=\"async\" width=\"800\" height=\"600\" src=\"https:\/\/www.pogrebno-hrvojka.hr\/wp-content\/uploads\/2022\/12\/sanduk-za-pogreb.jpg\" class=\"attachment-large size-large\" alt=\"\" srcset=\"https:\/\/www.pogrebno-hrvojka.hr\/wp-content\/uploads\/2022\/12\/sanduk-za-pogreb.jpg 800w, https:\/\/www.pogrebno-hrvojka.hr\/wp-content\/uploads\/2022\/12\/sanduk-za-pogreb-300x225.jpg 300w, https:\/\/www.pogrebno-hrvojka.hr\/wp-content\/uploads\/2022\/12\/sanduk-za-pogreb-16x12.jpg 16w\" sizes=\"(max-width: 800px) 100vw, 800px\" \/><\/a><\/div>\t\t<\/div>\r\n\t\t\t<\/article>\r\n\t<article class=\"w-grid-item size_1x1 post-1119 attachment type-attachment status-inherit hentry\" data-id=\"1119\">\r\n\t\t<div class=\"w-grid-item-h\">\r\n\t\t\t\t\t\t\t<a ref=\"magnificPopupGrid\" href=\"https:\/\/www.pogrebno-hrvojka.hr\/wp-content\/uploads\/2022\/12\/pogreb-u-Trogiru.jpg\" class=\"w-grid-item-anchor\" aria-label=\"pogreb u Trogiru\" title=\"pogreb u Trogiru\"><\/a>\r\n\t\t\t\t\t\t<div class=\"w-post-elm post_image usg_post_image_1 stretched\"><a href=\"https:\/\/www.pogrebno-hrvojka.hr\/en\/pogrebna-oprema-i-lijesovi\/pogreb-u-trogiru\/\" aria-label=\"pogreb u Trogiru\"><img decoding=\"async\" width=\"900\" height=\"675\" src=\"https:\/\/www.pogrebno-hrvojka.hr\/wp-content\/uploads\/2022\/12\/pogreb-u-Trogiru.jpg\" class=\"attachment-large size-large\" alt=\"\" srcset=\"https:\/\/www.pogrebno-hrvojka.hr\/wp-content\/uploads\/2022\/12\/pogreb-u-Trogiru.jpg 900w, https:\/\/www.pogrebno-hrvojka.hr\/wp-content\/uploads\/2022\/12\/pogreb-u-Trogiru-300x225.jpg 300w, https:\/\/www.pogrebno-hrvojka.hr\/wp-content\/uploads\/2022\/12\/pogreb-u-Trogiru-16x12.jpg 16w\" sizes=\"(max-width: 900px) 100vw, 900px\" \/><\/a><\/div>\t\t<\/div>\r\n\t\t\t<\/article>\r\n\t<article class=\"w-grid-item size_1x1 post-1118 attachment type-attachment status-inherit hentry\" data-id=\"1118\">\r\n\t\t<div class=\"w-grid-item-h\">\r\n\t\t\t\t\t\t\t<a ref=\"magnificPopupGrid\" href=\"https:\/\/www.pogrebno-hrvojka.hr\/wp-content\/uploads\/2022\/12\/pogreb-Trogir.jpg\" class=\"w-grid-item-anchor\" aria-label=\"pogreb Trogir\" title=\"pogreb Trogir\"><\/a>\r\n\t\t\t\t\t\t<div class=\"w-post-elm post_image usg_post_image_1 stretched\"><a href=\"https:\/\/www.pogrebno-hrvojka.hr\/en\/pogrebna-oprema-i-lijesovi\/pogreb-trogir\/\" aria-label=\"pogreb Trogir\"><img decoding=\"async\" width=\"900\" height=\"675\" src=\"https:\/\/www.pogrebno-hrvojka.hr\/wp-content\/uploads\/2022\/12\/pogreb-Trogir.jpg\" class=\"attachment-large size-large\" alt=\"\" srcset=\"https:\/\/www.pogrebno-hrvojka.hr\/wp-content\/uploads\/2022\/12\/pogreb-Trogir.jpg 900w, https:\/\/www.pogrebno-hrvojka.hr\/wp-content\/uploads\/2022\/12\/pogreb-Trogir-300x225.jpg 300w, https:\/\/www.pogrebno-hrvojka.hr\/wp-content\/uploads\/2022\/12\/pogreb-Trogir-16x12.jpg 16w\" sizes=\"(max-width: 900px) 100vw, 900px\" \/><\/a><\/div>\t\t<\/div>\r\n\t\t\t<\/article>\r\n\t<article class=\"w-grid-item size_1x1 post-1117 attachment type-attachment status-inherit hentry\" data-id=\"1117\">\r\n\t\t<div class=\"w-grid-item-h\">\r\n\t\t\t\t\t\t\t<a ref=\"magnificPopupGrid\" href=\"https:\/\/www.pogrebno-hrvojka.hr\/wp-content\/uploads\/2022\/12\/lijes-za-pogreb-1.jpg\" class=\"w-grid-item-anchor\" aria-label=\"lijes za pogreb\" title=\"lijes za pogreb\"><\/a>\r\n\t\t\t\t\t\t<div class=\"w-post-elm post_image usg_post_image_1 stretched\"><a href=\"https:\/\/www.pogrebno-hrvojka.hr\/en\/pogrebna-oprema-i-lijesovi\/lijes-za-pogreb-2\/\" aria-label=\"lijes za pogreb\"><img decoding=\"async\" width=\"900\" height=\"675\" src=\"https:\/\/www.pogrebno-hrvojka.hr\/wp-content\/uploads\/2022\/12\/lijes-za-pogreb-1.jpg\" class=\"attachment-large size-large\" alt=\"\" srcset=\"https:\/\/www.pogrebno-hrvojka.hr\/wp-content\/uploads\/2022\/12\/lijes-za-pogreb-1.jpg 900w, https:\/\/www.pogrebno-hrvojka.hr\/wp-content\/uploads\/2022\/12\/lijes-za-pogreb-1-300x225.jpg 300w, https:\/\/www.pogrebno-hrvojka.hr\/wp-content\/uploads\/2022\/12\/lijes-za-pogreb-1-16x12.jpg 16w\" sizes=\"(max-width: 900px) 100vw, 900px\" \/><\/a><\/div>\t\t<\/div>\r\n\t\t\t<\/article>\r\n\t<article class=\"w-grid-item size_1x1 post-1116 attachment type-attachment status-inherit hentry\" data-id=\"1116\">\r\n\t\t<div class=\"w-grid-item-h\">\r\n\t\t\t\t\t\t\t<a ref=\"magnificPopupGrid\" href=\"https:\/\/www.pogrebno-hrvojka.hr\/wp-content\/uploads\/2022\/12\/lijes-vecera-sarkofag.jpg\" class=\"w-grid-item-anchor\" aria-label=\"lijes ve\u010dera sarkofag\" title=\"lijes ve\u010dera sarkofag\"><\/a>\r\n\t\t\t\t\t\t<div class=\"w-post-elm post_image usg_post_image_1 stretched\"><a href=\"https:\/\/www.pogrebno-hrvojka.hr\/en\/pogrebna-oprema-i-lijesovi\/lijes-vecera-sarkofag\/\" aria-label=\"lijes ve\u010dera sarkofag\"><img decoding=\"async\" width=\"800\" height=\"600\" src=\"https:\/\/www.pogrebno-hrvojka.hr\/wp-content\/uploads\/2022\/12\/lijes-vecera-sarkofag.jpg\" class=\"attachment-large size-large\" alt=\"\" srcset=\"https:\/\/www.pogrebno-hrvojka.hr\/wp-content\/uploads\/2022\/12\/lijes-vecera-sarkofag.jpg 800w, https:\/\/www.pogrebno-hrvojka.hr\/wp-content\/uploads\/2022\/12\/lijes-vecera-sarkofag-300x225.jpg 300w, https:\/\/www.pogrebno-hrvojka.hr\/wp-content\/uploads\/2022\/12\/lijes-vecera-sarkofag-16x12.jpg 16w\" sizes=\"(max-width: 800px) 100vw, 800px\" \/><\/a><\/div>\t\t<\/div>\r\n\t\t\t<\/article>\r\n\t<article class=\"w-grid-item size_1x1 post-1115 attachment type-attachment status-inherit hentry\" data-id=\"1115\">\r\n\t\t<div class=\"w-grid-item-h\">\r\n\t\t\t\t\t\t\t<a ref=\"magnificPopupGrid\" href=\"https:\/\/www.pogrebno-hrvojka.hr\/wp-content\/uploads\/2022\/12\/lijes-sanduk.jpg\" class=\"w-grid-item-anchor\" aria-label=\"lijes sanduk\" title=\"lijes sanduk\"><\/a>\r\n\t\t\t\t\t\t<div class=\"w-post-elm post_image usg_post_image_1 stretched\"><a href=\"https:\/\/www.pogrebno-hrvojka.hr\/en\/pogrebna-oprema-i-lijesovi\/lijes-sanduk\/\" aria-label=\"lijes sanduk\"><img decoding=\"async\" width=\"900\" height=\"675\" src=\"https:\/\/www.pogrebno-hrvojka.hr\/wp-content\/uploads\/2022\/12\/lijes-sanduk.jpg\" class=\"attachment-large size-large\" alt=\"\" srcset=\"https:\/\/www.pogrebno-hrvojka.hr\/wp-content\/uploads\/2022\/12\/lijes-sanduk.jpg 900w, https:\/\/www.pogrebno-hrvojka.hr\/wp-content\/uploads\/2022\/12\/lijes-sanduk-300x225.jpg 300w, https:\/\/www.pogrebno-hrvojka.hr\/wp-content\/uploads\/2022\/12\/lijes-sanduk-16x12.jpg 16w\" sizes=\"(max-width: 900px) 100vw, 900px\" \/><\/a><\/div>\t\t<\/div>\r\n\t\t\t<\/article>\r\n\t<article class=\"w-grid-item size_1x1 post-1114 attachment type-attachment status-inherit hentry\" data-id=\"1114\">\r\n\t\t<div class=\"w-grid-item-h\">\r\n\t\t\t\t\t\t\t<a ref=\"magnificPopupGrid\" href=\"https:\/\/www.pogrebno-hrvojka.hr\/wp-content\/uploads\/2022\/12\/lijes-sa-cvijecem.jpg\" class=\"w-grid-item-anchor\" aria-label=\"lijes sa cvije\u0107em\" title=\"lijes sa cvije\u0107em\"><\/a>\r\n\t\t\t\t\t\t<div class=\"w-post-elm post_image usg_post_image_1 stretched\"><a href=\"https:\/\/www.pogrebno-hrvojka.hr\/en\/pogrebna-oprema-i-lijesovi\/lijes-sa-cvijecem\/\" aria-label=\"lijes sa cvije\u0107em\"><img decoding=\"async\" width=\"900\" height=\"675\" src=\"https:\/\/www.pogrebno-hrvojka.hr\/wp-content\/uploads\/2022\/12\/lijes-sa-cvijecem.jpg\" class=\"attachment-large size-large\" alt=\"\" srcset=\"https:\/\/www.pogrebno-hrvojka.hr\/wp-content\/uploads\/2022\/12\/lijes-sa-cvijecem.jpg 900w, https:\/\/www.pogrebno-hrvojka.hr\/wp-content\/uploads\/2022\/12\/lijes-sa-cvijecem-300x225.jpg 300w, https:\/\/www.pogrebno-hrvojka.hr\/wp-content\/uploads\/2022\/12\/lijes-sa-cvijecem-16x12.jpg 16w\" sizes=\"(max-width: 900px) 100vw, 900px\" \/><\/a><\/div>\t\t<\/div>\r\n\t\t\t<\/article>\r\n\t<article class=\"w-grid-item size_1x1 post-1113 attachment type-attachment status-inherit hentry\" data-id=\"1113\">\r\n\t\t<div class=\"w-grid-item-h\">\r\n\t\t\t\t\t\t\t<a ref=\"magnificPopupGrid\" href=\"https:\/\/www.pogrebno-hrvojka.hr\/wp-content\/uploads\/2022\/12\/lijes-pogreb.jpg\" class=\"w-grid-item-anchor\" aria-label=\"lijes pogreb\" title=\"lijes pogreb\"><\/a>\r\n\t\t\t\t\t\t<div class=\"w-post-elm post_image usg_post_image_1 stretched\"><a href=\"https:\/\/www.pogrebno-hrvojka.hr\/en\/pogrebna-oprema-i-lijesovi\/lijes-pogreb\/\" aria-label=\"lijes pogreb\"><img decoding=\"async\" width=\"800\" height=\"600\" src=\"https:\/\/www.pogrebno-hrvojka.hr\/wp-content\/uploads\/2022\/12\/lijes-pogreb.jpg\" class=\"attachment-large size-large\" alt=\"\" srcset=\"https:\/\/www.pogrebno-hrvojka.hr\/wp-content\/uploads\/2022\/12\/lijes-pogreb.jpg 800w, https:\/\/www.pogrebno-hrvojka.hr\/wp-content\/uploads\/2022\/12\/lijes-pogreb-300x225.jpg 300w, https:\/\/www.pogrebno-hrvojka.hr\/wp-content\/uploads\/2022\/12\/lijes-pogreb-16x12.jpg 16w\" sizes=\"(max-width: 800px) 100vw, 800px\" \/><\/a><\/div>\t\t<\/div>\r\n\t\t\t<\/article>\r\n\t<article class=\"w-grid-item size_1x1 post-1112 attachment type-attachment status-inherit hentry\" data-id=\"1112\">\r\n\t\t<div class=\"w-grid-item-h\">\r\n\t\t\t\t\t\t\t<a ref=\"magnificPopupGrid\" href=\"https:\/\/www.pogrebno-hrvojka.hr\/wp-content\/uploads\/2022\/12\/lijes-francuz.jpg\" class=\"w-grid-item-anchor\" aria-label=\"lijes francuz\" title=\"lijes francuz\"><\/a>\r\n\t\t\t\t\t\t<div class=\"w-post-elm post_image usg_post_image_1 stretched\"><a href=\"https:\/\/www.pogrebno-hrvojka.hr\/en\/pogrebna-oprema-i-lijesovi\/lijes-francuz\/\" aria-label=\"lijes francuz\"><img decoding=\"async\" width=\"800\" height=\"600\" src=\"https:\/\/www.pogrebno-hrvojka.hr\/wp-content\/uploads\/2022\/12\/lijes-francuz.jpg\" class=\"attachment-large size-large\" alt=\"\" srcset=\"https:\/\/www.pogrebno-hrvojka.hr\/wp-content\/uploads\/2022\/12\/lijes-francuz.jpg 800w, https:\/\/www.pogrebno-hrvojka.hr\/wp-content\/uploads\/2022\/12\/lijes-francuz-300x225.jpg 300w, https:\/\/www.pogrebno-hrvojka.hr\/wp-content\/uploads\/2022\/12\/lijes-francuz-16x12.jpg 16w\" sizes=\"(max-width: 800px) 100vw, 800px\" \/><\/a><\/div>\t\t<\/div>\r\n\t\t\t<\/article>\r\n\t<article class=\"w-grid-item size_1x1 post-1111 attachment type-attachment status-inherit hentry\" data-id=\"1111\">\r\n\t\t<div class=\"w-grid-item-h\">\r\n\t\t\t\t\t\t\t<a ref=\"magnificPopupGrid\" href=\"https:\/\/www.pogrebno-hrvojka.hr\/wp-content\/uploads\/2022\/12\/lijes-francuz-Trogir.jpg\" class=\"w-grid-item-anchor\" aria-label=\"lijes francuz Trogir\" title=\"lijes francuz Trogir\"><\/a>\r\n\t\t\t\t\t\t<div class=\"w-post-elm post_image usg_post_image_1 stretched\"><a href=\"https:\/\/www.pogrebno-hrvojka.hr\/en\/pogrebna-oprema-i-lijesovi\/lijes-francuz-trogir\/\" aria-label=\"lijes francuz Trogir\"><img decoding=\"async\" width=\"800\" height=\"600\" src=\"https:\/\/www.pogrebno-hrvojka.hr\/wp-content\/uploads\/2022\/12\/lijes-francuz-Trogir.jpg\" class=\"attachment-large size-large\" alt=\"\" srcset=\"https:\/\/www.pogrebno-hrvojka.hr\/wp-content\/uploads\/2022\/12\/lijes-francuz-Trogir.jpg 800w, https:\/\/www.pogrebno-hrvojka.hr\/wp-content\/uploads\/2022\/12\/lijes-francuz-Trogir-300x225.jpg 300w, https:\/\/www.pogrebno-hrvojka.hr\/wp-content\/uploads\/2022\/12\/lijes-francuz-Trogir-16x12.jpg 16w\" sizes=\"(max-width: 800px) 100vw, 800px\" \/><\/a><\/div>\t\t<\/div>\r\n\t\t\t<\/article>\r\n\t<article class=\"w-grid-item size_1x1 post-1110 attachment type-attachment status-inherit hentry\" data-id=\"1110\">\r\n\t\t<div class=\"w-grid-item-h\">\r\n\t\t\t\t\t\t\t<a ref=\"magnificPopupGrid\" href=\"https:\/\/www.pogrebno-hrvojka.hr\/wp-content\/uploads\/2022\/12\/cvijece-za-lijes-ruze.jpg\" class=\"w-grid-item-anchor\" aria-label=\"cvije\u0107e za lijes ru\u017ee\" title=\"cvije\u0107e za lijes ru\u017ee\"><\/a>\r\n\t\t\t\t\t\t<div class=\"w-post-elm post_image usg_post_image_1 stretched\"><a href=\"https:\/\/www.pogrebno-hrvojka.hr\/en\/pogrebna-oprema-i-lijesovi\/cvijece-za-lijes-ruze\/\" aria-label=\"cvije\u0107e za lijes ru\u017ee\"><img decoding=\"async\" width=\"900\" height=\"675\" src=\"https:\/\/www.pogrebno-hrvojka.hr\/wp-content\/uploads\/2022\/12\/cvijece-za-lijes-ruze.jpg\" class=\"attachment-large size-large\" alt=\"\" srcset=\"https:\/\/www.pogrebno-hrvojka.hr\/wp-content\/uploads\/2022\/12\/cvijece-za-lijes-ruze.jpg 900w, https:\/\/www.pogrebno-hrvojka.hr\/wp-content\/uploads\/2022\/12\/cvijece-za-lijes-ruze-300x225.jpg 300w, https:\/\/www.pogrebno-hrvojka.hr\/wp-content\/uploads\/2022\/12\/cvijece-za-lijes-ruze-16x12.jpg 16w\" sizes=\"(max-width: 900px) 100vw, 900px\" \/><\/a><\/div>\t\t<\/div>\r\n\t\t\t<\/article>\r\n\t<article class=\"w-grid-item size_1x1 post-1109 attachment type-attachment status-inherit hentry\" data-id=\"1109\">\r\n\t\t<div class=\"w-grid-item-h\">\r\n\t\t\t\t\t\t\t<a ref=\"magnificPopupGrid\" href=\"https:\/\/www.pogrebno-hrvojka.hr\/wp-content\/uploads\/2022\/12\/cvijece-za-lijes-anturijum.jpg\" class=\"w-grid-item-anchor\" aria-label=\"cvijece za lijes anturijum\" title=\"cvijece za lijes anturijum\"><\/a>\r\n\t\t\t\t\t\t<div class=\"w-post-elm post_image usg_post_image_1 stretched\"><a href=\"https:\/\/www.pogrebno-hrvojka.hr\/en\/pogrebna-oprema-i-lijesovi\/cvijece-za-lijes-anturijum\/\" aria-label=\"cvijece za lijes anturijum\"><img decoding=\"async\" width=\"900\" height=\"675\" src=\"https:\/\/www.pogrebno-hrvojka.hr\/wp-content\/uploads\/2022\/12\/cvijece-za-lijes-anturijum.jpg\" class=\"attachment-large size-large\" alt=\"\" srcset=\"https:\/\/www.pogrebno-hrvojka.hr\/wp-content\/uploads\/2022\/12\/cvijece-za-lijes-anturijum.jpg 900w, https:\/\/www.pogrebno-hrvojka.hr\/wp-content\/uploads\/2022\/12\/cvijece-za-lijes-anturijum-300x225.jpg 300w, https:\/\/www.pogrebno-hrvojka.hr\/wp-content\/uploads\/2022\/12\/cvijece-za-lijes-anturijum-16x12.jpg 16w\" sizes=\"(max-width: 900px) 100vw, 900px\" \/><\/a><\/div>\t\t<\/div>\r\n\t\t\t<\/article>\r\n\t<article class=\"w-grid-item size_1x1 post-1108 attachment type-attachment status-inherit hentry\" data-id=\"1108\">\r\n\t\t<div class=\"w-grid-item-h\">\r\n\t\t\t\t\t\t\t<a ref=\"magnificPopupGrid\" href=\"https:\/\/www.pogrebno-hrvojka.hr\/wp-content\/uploads\/2022\/12\/Americki-sarkofag.jpg\" class=\"w-grid-item-anchor\" aria-label=\"Ameri\u010dki sarkofag\" title=\"Ameri\u010dki sarkofag\"><\/a>\r\n\t\t\t\t\t\t<div class=\"w-post-elm post_image usg_post_image_1 stretched\"><a href=\"https:\/\/www.pogrebno-hrvojka.hr\/en\/pogrebna-oprema-i-lijesovi\/americki-sarkofag-2\/\" aria-label=\"Ameri\u010dki sarkofag\"><img decoding=\"async\" width=\"900\" height=\"675\" src=\"https:\/\/www.pogrebno-hrvojka.hr\/wp-content\/uploads\/2022\/12\/Americki-sarkofag.jpg\" class=\"attachment-large size-large\" alt=\"\" srcset=\"https:\/\/www.pogrebno-hrvojka.hr\/wp-content\/uploads\/2022\/12\/Americki-sarkofag.jpg 900w, https:\/\/www.pogrebno-hrvojka.hr\/wp-content\/uploads\/2022\/12\/Americki-sarkofag-300x225.jpg 300w, https:\/\/www.pogrebno-hrvojka.hr\/wp-content\/uploads\/2022\/12\/Americki-sarkofag-16x12.jpg 16w\" sizes=\"(max-width: 900px) 100vw, 900px\" \/><\/a><\/div>\t\t<\/div>\r\n\t\t\t<\/article>\r\n<\/div><div class=\"w-grid-preloader\">\t<div class=\"g-preloader type_1\">\r\n\t\t<div><\/div>\r\n\t<\/div>\r\n\t<\/div>\t<div class=\"w-grid-json hidden\" onclick='return {&quot;action&quot;:&quot;us_ajax_grid&quot;,&quot;infinite_scroll&quot;:0,&quot;max_num_pages&quot;:1,&quot;pagination&quot;:&quot;none&quot;,&quot;template_vars&quot;:{&quot;columns&quot;:&quot;4&quot;,&quot;exclude_items&quot;:&quot;none&quot;,&quot;img_size&quot;:&quot;default&quot;,&quot;ignore_items_size&quot;:0,&quot;items_layout&quot;:&quot;160&quot;,&quot;items_offset&quot;:&quot;1&quot;,&quot;load_animation&quot;:&quot;none&quot;,&quot;overriding_link&quot;:&quot;%7B%22type%22%3A%22popup_image%22%7D&quot;,&quot;post_id&quot;:0,&quot;query_args&quot;:{&quot;post_type&quot;:[&quot;attachment&quot;],&quot;post__in&quot;:[&quot;1108&quot;,&quot;1109&quot;,&quot;1110&quot;,&quot;1111&quot;,&quot;1112&quot;,&quot;1113&quot;,&quot;1114&quot;,&quot;1115&quot;,&quot;1116&quot;,&quot;1117&quot;,&quot;1118&quot;,&quot;1119&quot;,&quot;1120&quot;,&quot;1121&quot;,&quot;1122&quot;],&quot;post_status&quot;:&quot;inherit&quot;,&quot;post_mime_type&quot;:&quot;image&quot;,&quot;posts_per_page&quot;:&quot;30&quot;},&quot;orderby_query_args&quot;:{&quot;orderby&quot;:{&quot;date&quot;:&quot;DESC&quot;}},&quot;type&quot;:&quot;grid&quot;,&quot;us_grid_post_type&quot;:&quot;attachment&quot;,&quot;us_grid_ajax_index&quot;:2,&quot;us_grid_filter_params&quot;:[],&quot;us_grid_index&quot;:2,&quot;page_args&quot;:[]}}'><\/div>\r\n\t<\/div><\/div><\/div><\/div><\/div><\/div><\/section>\n","protected":false},"excerpt":{"rendered":"","protected":false},"author":1,"featured_media":0,"parent":0,"menu_order":0,"comment_status":"closed","ping_status":"closed","template":"","meta":{"footnotes":""},"class_list":["post-814","page","type-page","status-publish","hentry"],"yoast_head":"<!-- This site is optimized with the Yoast SEO Premium plugin v20.12 (Yoast SEO v27.5) - https:\/\/yoast.com\/product\/yoast-seo-premium-wordpress\/ -->\n<title>Pogrebna oprema i lijesovi - Pogrebno Hrvojka<\/title>\n<meta name=\"robots\" content=\"index, follow, max-snippet:-1, max-image-preview:large, max-video-preview:-1\" \/>\n<link rel=\"canonical\" href=\"https:\/\/www.pogrebno-hrvojka.hr\/en\/pogrebna-oprema-i-lijesovi\/\" \/>\n<meta property=\"og:locale\" content=\"en_GB\" \/>\n<meta property=\"og:type\" content=\"article\" \/>\n<meta property=\"og:title\" content=\"Pogrebna oprema i lijesovi\" \/>\n<meta property=\"og:url\" content=\"https:\/\/www.pogrebno-hrvojka.hr\/en\/pogrebna-oprema-i-lijesovi\/\" \/>\n<meta property=\"og:site_name\" content=\"Pogrebno Hrvojka\" \/>\n<meta property=\"article:publisher\" content=\"https:\/\/www.facebook.com\/cvjecarnicaHrvojkaTrogir\/\" \/>\n<meta property=\"article:modified_time\" content=\"2025-01-28T11:33:29+00:00\" \/>\n<meta property=\"og:image\" content=\"https:\/\/www.pogrebno-hrvojka.hr\/wp-content\/uploads\/2022\/11\/pogrebna-op.png\" \/>\n\t<meta property=\"og:image:width\" content=\"156\" \/>\n\t<meta property=\"og:image:height\" content=\"74\" \/>\n\t<meta property=\"og:image:type\" content=\"image\/png\" \/>\n<meta name=\"twitter:card\" content=\"summary_large_image\" \/>\n<meta name=\"twitter:label1\" content=\"Estimated reading time\" \/>\n\t<meta name=\"twitter:data1\" content=\"1 minute\" \/>\n<script type=\"application\/ld+json\" class=\"yoast-schema-graph\">{\"@context\":\"https:\\\/\\\/schema.org\",\"@graph\":[{\"@type\":\"WebPage\",\"@id\":\"https:\\\/\\\/www.pogrebno-hrvojka.hr\\\/pogrebna-oprema-i-lijesovi\\\/\",\"url\":\"https:\\\/\\\/www.pogrebno-hrvojka.hr\\\/pogrebna-oprema-i-lijesovi\\\/\",\"name\":\"Pogrebna oprema i lijesovi - Pogrebno Hrvojka\",\"isPartOf\":{\"@id\":\"https:\\\/\\\/www.pogrebno-hrvojka.hr\\\/#website\"},\"primaryImageOfPage\":{\"@id\":\"https:\\\/\\\/www.pogrebno-hrvojka.hr\\\/pogrebna-oprema-i-lijesovi\\\/#primaryimage\"},\"image\":{\"@id\":\"https:\\\/\\\/www.pogrebno-hrvojka.hr\\\/pogrebna-oprema-i-lijesovi\\\/#primaryimage\"},\"thumbnailUrl\":\"https:\\\/\\\/pogrebno-hrvojka.hr\\\/wp-content\\\/uploads\\\/2022\\\/11\\\/pogrebna-op.png\",\"datePublished\":\"2022-11-21T07:49:27+00:00\",\"dateModified\":\"2025-01-28T11:33:29+00:00\",\"breadcrumb\":{\"@id\":\"https:\\\/\\\/www.pogrebno-hrvojka.hr\\\/pogrebna-oprema-i-lijesovi\\\/#breadcrumb\"},\"inLanguage\":\"en-GB\",\"potentialAction\":[{\"@type\":\"ReadAction\",\"target\":[\"https:\\\/\\\/www.pogrebno-hrvojka.hr\\\/pogrebna-oprema-i-lijesovi\\\/\"]}]},{\"@type\":\"ImageObject\",\"inLanguage\":\"en-GB\",\"@id\":\"https:\\\/\\\/www.pogrebno-hrvojka.hr\\\/pogrebna-oprema-i-lijesovi\\\/#primaryimage\",\"url\":\"https:\\\/\\\/pogrebno-hrvojka.hr\\\/wp-content\\\/uploads\\\/2022\\\/11\\\/pogrebna-op.png\",\"contentUrl\":\"https:\\\/\\\/pogrebno-hrvojka.hr\\\/wp-content\\\/uploads\\\/2022\\\/11\\\/pogrebna-op.png\"},{\"@type\":\"BreadcrumbList\",\"@id\":\"https:\\\/\\\/www.pogrebno-hrvojka.hr\\\/pogrebna-oprema-i-lijesovi\\\/#breadcrumb\",\"itemListElement\":[{\"@type\":\"ListItem\",\"position\":1,\"name\":\"Po\u010detna stranica\",\"item\":\"https:\\\/\\\/www.pogrebno-hrvojka.hr\\\/\"},{\"@type\":\"ListItem\",\"position\":2,\"name\":\"Pogrebna oprema i lijesovi\"}]},{\"@type\":\"WebSite\",\"@id\":\"https:\\\/\\\/www.pogrebno-hrvojka.hr\\\/#website\",\"url\":\"https:\\\/\\\/www.pogrebno-hrvojka.hr\\\/\",\"name\":\"Pogrebno Hrvojka\",\"description\":\"Pogrebno poduze\u0107e i cvje\u0107arnica Hrvojka\",\"publisher\":{\"@id\":\"https:\\\/\\\/www.pogrebno-hrvojka.hr\\\/#organization\"},\"potentialAction\":[{\"@type\":\"SearchAction\",\"target\":{\"@type\":\"EntryPoint\",\"urlTemplate\":\"https:\\\/\\\/www.pogrebno-hrvojka.hr\\\/?s={search_term_string}\"},\"query-input\":{\"@type\":\"PropertyValueSpecification\",\"valueRequired\":true,\"valueName\":\"search_term_string\"}}],\"inLanguage\":\"en-GB\"},{\"@type\":\"Organization\",\"@id\":\"https:\\\/\\\/www.pogrebno-hrvojka.hr\\\/#organization\",\"name\":\"Pogrebno Hrvojka\",\"url\":\"https:\\\/\\\/www.pogrebno-hrvojka.hr\\\/\",\"logo\":{\"@type\":\"ImageObject\",\"inLanguage\":\"en-GB\",\"@id\":\"https:\\\/\\\/www.pogrebno-hrvojka.hr\\\/#\\\/schema\\\/logo\\\/image\\\/\",\"url\":\"https:\\\/\\\/www.pogrebno-hrvojka.hr\\\/wp-content\\\/uploads\\\/2022\\\/11\\\/logo.gif\",\"contentUrl\":\"https:\\\/\\\/www.pogrebno-hrvojka.hr\\\/wp-content\\\/uploads\\\/2022\\\/11\\\/logo.gif\",\"width\":276,\"height\":59,\"caption\":\"Pogrebno Hrvojka\"},\"image\":{\"@id\":\"https:\\\/\\\/www.pogrebno-hrvojka.hr\\\/#\\\/schema\\\/logo\\\/image\\\/\"},\"sameAs\":[\"https:\\\/\\\/www.facebook.com\\\/cvjecarnicaHrvojkaTrogir\\\/\",\"https:\\\/\\\/www.instagram.com\\\/cvjecarnica_pogrebno_hrvojka\\\/\",\"https:\\\/\\\/www.linkedin.com\\\/in\\\/tomislav-princivali-88a639170\\\/?originalSubdomain=hr\"]}]}<\/script>\n<!-- \/ Yoast SEO Premium plugin. -->","yoast_head_json":{"title":"Pogrebna oprema i lijesovi - Pogrebno Hrvojka","robots":{"index":"index","follow":"follow","max-snippet":"max-snippet:-1","max-image-preview":"max-image-preview:large","max-video-preview":"max-video-preview:-1"},"canonical":"https:\/\/www.pogrebno-hrvojka.hr\/en\/pogrebna-oprema-i-lijesovi\/","og_locale":"en_GB","og_type":"article","og_title":"Pogrebna oprema i lijesovi","og_url":"https:\/\/www.pogrebno-hrvojka.hr\/en\/pogrebna-oprema-i-lijesovi\/","og_site_name":"Pogrebno Hrvojka","article_publisher":"https:\/\/www.facebook.com\/cvjecarnicaHrvojkaTrogir\/","article_modified_time":"2025-01-28T11:33:29+00:00","og_image":[{"width":156,"height":74,"url":"https:\/\/www.pogrebno-hrvojka.hr\/wp-content\/uploads\/2022\/11\/pogrebna-op.png","type":"image\/png"}],"twitter_card":"summary_large_image","twitter_misc":{"Estimated reading time":"1 minute"},"schema":{"@context":"https:\/\/schema.org","@graph":[{"@type":"WebPage","@id":"https:\/\/www.pogrebno-hrvojka.hr\/pogrebna-oprema-i-lijesovi\/","url":"https:\/\/www.pogrebno-hrvojka.hr\/pogrebna-oprema-i-lijesovi\/","name":"Pogrebna oprema i lijesovi - Pogrebno Hrvojka","isPartOf":{"@id":"https:\/\/www.pogrebno-hrvojka.hr\/#website"},"primaryImageOfPage":{"@id":"https:\/\/www.pogrebno-hrvojka.hr\/pogrebna-oprema-i-lijesovi\/#primaryimage"},"image":{"@id":"https:\/\/www.pogrebno-hrvojka.hr\/pogrebna-oprema-i-lijesovi\/#primaryimage"},"thumbnailUrl":"https:\/\/pogrebno-hrvojka.hr\/wp-content\/uploads\/2022\/11\/pogrebna-op.png","datePublished":"2022-11-21T07:49:27+00:00","dateModified":"2025-01-28T11:33:29+00:00","breadcrumb":{"@id":"https:\/\/www.pogrebno-hrvojka.hr\/pogrebna-oprema-i-lijesovi\/#breadcrumb"},"inLanguage":"en-GB","potentialAction":[{"@type":"ReadAction","target":["https:\/\/www.pogrebno-hrvojka.hr\/pogrebna-oprema-i-lijesovi\/"]}]},{"@type":"ImageObject","inLanguage":"en-GB","@id":"https:\/\/www.pogrebno-hrvojka.hr\/pogrebna-oprema-i-lijesovi\/#primaryimage","url":"https:\/\/pogrebno-hrvojka.hr\/wp-content\/uploads\/2022\/11\/pogrebna-op.png","contentUrl":"https:\/\/pogrebno-hrvojka.hr\/wp-content\/uploads\/2022\/11\/pogrebna-op.png"},{"@type":"BreadcrumbList","@id":"https:\/\/www.pogrebno-hrvojka.hr\/pogrebna-oprema-i-lijesovi\/#breadcrumb","itemListElement":[{"@type":"ListItem","position":1,"name":"Po\u010detna stranica","item":"https:\/\/www.pogrebno-hrvojka.hr\/"},{"@type":"ListItem","position":2,"name":"Pogrebna oprema i lijesovi"}]},{"@type":"WebSite","@id":"https:\/\/www.pogrebno-hrvojka.hr\/#website","url":"https:\/\/www.pogrebno-hrvojka.hr\/","name":"Pogrebno Hrvojka","description":"Pogrebno poduze\u0107e i cvje\u0107arnica Hrvojka","publisher":{"@id":"https:\/\/www.pogrebno-hrvojka.hr\/#organization"},"potentialAction":[{"@type":"SearchAction","target":{"@type":"EntryPoint","urlTemplate":"https:\/\/www.pogrebno-hrvojka.hr\/?s={search_term_string}"},"query-input":{"@type":"PropertyValueSpecification","valueRequired":true,"valueName":"search_term_string"}}],"inLanguage":"en-GB"},{"@type":"Organization","@id":"https:\/\/www.pogrebno-hrvojka.hr\/#organization","name":"Pogrebno Hrvojka","url":"https:\/\/www.pogrebno-hrvojka.hr\/","logo":{"@type":"ImageObject","inLanguage":"en-GB","@id":"https:\/\/www.pogrebno-hrvojka.hr\/#\/schema\/logo\/image\/","url":"https:\/\/www.pogrebno-hrvojka.hr\/wp-content\/uploads\/2022\/11\/logo.gif","contentUrl":"https:\/\/www.pogrebno-hrvojka.hr\/wp-content\/uploads\/2022\/11\/logo.gif","width":276,"height":59,"caption":"Pogrebno Hrvojka"},"image":{"@id":"https:\/\/www.pogrebno-hrvojka.hr\/#\/schema\/logo\/image\/"},"sameAs":["https:\/\/www.facebook.com\/cvjecarnicaHrvojkaTrogir\/","https:\/\/www.instagram.com\/cvjecarnica_pogrebno_hrvojka\/","https:\/\/www.linkedin.com\/in\/tomislav-princivali-88a639170\/?originalSubdomain=hr"]}]}},"_links":{"self":[{"href":"https:\/\/www.pogrebno-hrvojka.hr\/en\/wp-json\/wp\/v2\/pages\/814","targetHints":{"allow":["GET"]}}],"collection":[{"href":"https:\/\/www.pogrebno-hrvojka.hr\/en\/wp-json\/wp\/v2\/pages"}],"about":[{"href":"https:\/\/www.pogrebno-hrvojka.hr\/en\/wp-json\/wp\/v2\/types\/page"}],"author":[{"embeddable":true,"href":"https:\/\/www.pogrebno-hrvojka.hr\/en\/wp-json\/wp\/v2\/users\/1"}],"replies":[{"embeddable":true,"href":"https:\/\/www.pogrebno-hrvojka.hr\/en\/wp-json\/wp\/v2\/comments?post=814"}],"version-history":[{"count":0,"href":"https:\/\/www.pogrebno-hrvojka.hr\/en\/wp-json\/wp\/v2\/pages\/814\/revisions"}],"wp:attachment":[{"href":"https:\/\/www.pogrebno-hrvojka.hr\/en\/wp-json\/wp\/v2\/media?parent=814"}],"curies":[{"name":"wp","href":"https:\/\/api.w.org\/{rel}","templated":true}]}}